{"id":11643,"date":"2022-12-16T00:23:33","date_gmt":"2022-12-15T23:23:33","guid":{"rendered":"http:\/\/homeinterijeri-hr.preview-domain.com\/?page_id=11643"},"modified":"2023-08-22T17:22:51","modified_gmt":"2023-08-22T15:22:51","slug":"ponuda","status":"publish","type":"page","link":"https:\/\/homeinterijeri.hr\/de\/angebot\/","title":{"rendered":"Angebot"},"content":{"rendered":"<div data-elementor-type=\"wp-page\" data-elementor-id=\"11643\" class=\"elementor elementor-11643\" data-elementor-post-type=\"page\">\n\t\t\t\t\t\t<section class=\"elementor-section elementor-top-section elementor-element elementor-element-775ed2ce elementor-section-boxed elementor-section-height-default elementor-section-height-default\" data-id=\"775ed2ce\" data-element_type=\"section\" data-settings=\"{&quot;background_background&quot;:&quot;classic&quot;}\">\n\t\t\t\t\t\t\t<div class=\"elementor-background-overlay\"><\/div>\n\t\t\t\t\t\t\t<div class=\"elementor-container elementor-column-gap-no\">\n\t\t\t\t\t<div class=\"elementor-column elementor-col-100 elementor-top-column elementor-element elementor-element-721b4f3c\" data-id=\"721b4f3c\" data-element_type=\"column\">\n\t\t\t<div class=\"elementor-widget-wrap elementor-element-populated\">\n\t\t\t\t\t\t<div class=\"elementor-element elementor-element-4bbac059 elementor-widget elementor-widget-heading\" data-id=\"4bbac059\" data-element_type=\"widget\" data-widget_type=\"heading.default\">\n\t\t\t\t<div class=\"elementor-widget-container\">\n\t\t\t\t\t<h6 class=\"elementor-heading-title elementor-size-default\">HOME INTERIJERI<\/h6>\t\t\t\t<\/div>\n\t\t\t\t<\/div>\n\t\t\t\t<div class=\"elementor-element elementor-element-6b7099c6 elementor-widget elementor-widget-heading\" data-id=\"6b7099c6\" data-element_type=\"widget\" data-widget_type=\"heading.default\">\n\t\t\t\t<div class=\"elementor-widget-container\">\n\t\t\t\t\t<h1 class=\"elementor-heading-title elementor-size-default\">Angebot<\/h1>\t\t\t\t<\/div>\n\t\t\t\t<\/div>\n\t\t\t\t<div class=\"elementor-element elementor-element-20c0ee4 elementor-widget elementor-widget-heading\" data-id=\"20c0ee4\" data-element_type=\"widget\" data-widget_type=\"heading.default\">\n\t\t\t\t<div class=\"elementor-widget-container\">\n\t\t\t\t\t<h3 class=\"elementor-heading-title elementor-size-default\">Sehen Sie, was wir zu bieten haben<\/h3>\t\t\t\t<\/div>\n\t\t\t\t<\/div>\n\t\t\t\t\t<\/div>\n\t\t<\/div>\n\t\t\t\t\t<\/div>\n\t\t<\/section>\n\t\t\t\t<section class=\"elementor-section elementor-top-section elementor-element elementor-element-30d4528 elementor-section-boxed elementor-section-height-default elementor-section-height-default elementor-invisible\" data-id=\"30d4528\" data-element_type=\"section\" data-settings=\"{&quot;animation&quot;:&quot;fadeIn&quot;}\">\n\t\t\t\t\t\t<div class=\"elementor-container elementor-column-gap-default\">\n\t\t\t\t\t<div class=\"elementor-column elementor-col-33 elementor-top-column elementor-element elementor-element-15852a4\" data-id=\"15852a4\" data-element_type=\"column\">\n\t\t\t<div class=\"elementor-widget-wrap elementor-element-populated\">\n\t\t\t\t\t\t<div class=\"elementor-element elementor-element-a4755f5 elementor-widget elementor-widget-image\" data-id=\"a4755f5\" data-element_type=\"widget\" data-widget_type=\"image.default\">\n\t\t\t\t<div class=\"elementor-widget-container\">\n\t\t\t\t\t\t\t\t\t\t\t\t\t\t\t\t<a href=\"#sobe\">\n\t\t\t\t\t\t\t<img fetchpriority=\"high\" decoding=\"async\" width=\"800\" height=\"800\" src=\"https:\/\/homeinterijeri.hr\/wp-content\/uploads\/2022\/12\/Sobe.webp\" class=\"attachment-large size-large wp-image-12798\" alt=\"Inneneinrichtung, ma\u00dfgeschneiderte M\u00f6bel, M\u00f6bel, Kleiderschrank, Bar, Innenarchitektur\" srcset=\"https:\/\/homeinterijeri.hr\/wp-content\/uploads\/2022\/12\/Sobe.webp 800w, https:\/\/homeinterijeri.hr\/wp-content\/uploads\/2022\/12\/Sobe-300x300.webp 300w, https:\/\/homeinterijeri.hr\/wp-content\/uploads\/2022\/12\/Sobe-150x150.webp 150w, https:\/\/homeinterijeri.hr\/wp-content\/uploads\/2022\/12\/Sobe-768x768.webp 768w\" sizes=\"(max-width: 800px) 100vw, 800px\" \/>\t\t\t\t\t\t\t\t<\/a>\n\t\t\t\t\t\t\t\t\t\t\t\t\t\t\t<\/div>\n\t\t\t\t<\/div>\n\t\t\t\t<div class=\"elementor-element elementor-element-b922fa6 elementor-widget elementor-widget-heading\" data-id=\"b922fa6\" data-element_type=\"widget\" data-widget_type=\"heading.default\">\n\t\t\t\t<div class=\"elementor-widget-container\">\n\t\t\t\t\t<h2 class=\"elementor-heading-title elementor-size-default\"><a href=\"https:\/\/homeinterijeri.hr\/de\/angebot\/#sobe\">Schlafzimmer<\/a><\/h2>\t\t\t\t<\/div>\n\t\t\t\t<\/div>\n\t\t\t\t\t<\/div>\n\t\t<\/div>\n\t\t\t\t<div class=\"elementor-column elementor-col-33 elementor-top-column elementor-element elementor-element-8722281\" data-id=\"8722281\" data-element_type=\"column\">\n\t\t\t<div class=\"elementor-widget-wrap elementor-element-populated\">\n\t\t\t\t\t\t<div class=\"elementor-element elementor-element-8c958c0 elementor-widget elementor-widget-image\" data-id=\"8c958c0\" data-element_type=\"widget\" data-widget_type=\"image.default\">\n\t\t\t\t<div class=\"elementor-widget-container\">\n\t\t\t\t\t\t\t\t\t\t\t\t\t\t\t\t<a href=\"#kuhinja\">\n\t\t\t\t\t\t\t<img decoding=\"async\" width=\"800\" height=\"800\" src=\"https:\/\/homeinterijeri.hr\/wp-content\/uploads\/2022\/12\/Kuhinje.webp\" class=\"attachment-large size-large wp-image-12795\" alt=\"Inneneinrichtung, ma\u00dfgeschneiderte M\u00f6bel, M\u00f6bel, Kleiderschrank, Bar, Innenarchitektur\" srcset=\"https:\/\/homeinterijeri.hr\/wp-content\/uploads\/2022\/12\/Kuhinje.webp 800w, https:\/\/homeinterijeri.hr\/wp-content\/uploads\/2022\/12\/Kuhinje-300x300.webp 300w, https:\/\/homeinterijeri.hr\/wp-content\/uploads\/2022\/12\/Kuhinje-150x150.webp 150w, https:\/\/homeinterijeri.hr\/wp-content\/uploads\/2022\/12\/Kuhinje-768x768.webp 768w\" sizes=\"(max-width: 800px) 100vw, 800px\" \/>\t\t\t\t\t\t\t\t<\/a>\n\t\t\t\t\t\t\t\t\t\t\t\t\t\t\t<\/div>\n\t\t\t\t<\/div>\n\t\t\t\t<div class=\"elementor-element elementor-element-ef6c33d elementor-widget elementor-widget-heading\" data-id=\"ef6c33d\" data-element_type=\"widget\" data-widget_type=\"heading.default\">\n\t\t\t\t<div class=\"elementor-widget-container\">\n\t\t\t\t\t<h2 class=\"elementor-heading-title elementor-size-default\"><a href=\"https:\/\/homeinterijeri.hr\/de\/angebot\/#kuhinja\">K\u00fcchen<\/a><\/h2>\t\t\t\t<\/div>\n\t\t\t\t<\/div>\n\t\t\t\t\t<\/div>\n\t\t<\/div>\n\t\t\t\t<div class=\"elementor-column elementor-col-33 elementor-top-column elementor-element elementor-element-70d02fc\" data-id=\"70d02fc\" data-element_type=\"column\">\n\t\t\t<div class=\"elementor-widget-wrap elementor-element-populated\">\n\t\t\t\t\t\t<div class=\"elementor-element elementor-element-529bcb6 elementor-widget elementor-widget-image\" data-id=\"529bcb6\" data-element_type=\"widget\" data-widget_type=\"image.default\">\n\t\t\t\t<div class=\"elementor-widget-container\">\n\t\t\t\t\t\t\t\t\t\t\t\t\t\t\t\t<a href=\"#stol\">\n\t\t\t\t\t\t\t<img decoding=\"async\" width=\"800\" height=\"800\" src=\"https:\/\/homeinterijeri.hr\/wp-content\/uploads\/2022\/12\/Stolovi-po-mjeri.webp\" class=\"attachment-large size-large wp-image-12799\" alt=\"Inneneinrichtung, ma\u00dfgeschneiderte M\u00f6bel, M\u00f6bel, Kleiderschrank, Bar, Innenarchitektur\" srcset=\"https:\/\/homeinterijeri.hr\/wp-content\/uploads\/2022\/12\/Stolovi-po-mjeri.webp 800w, https:\/\/homeinterijeri.hr\/wp-content\/uploads\/2022\/12\/Stolovi-po-mjeri-300x300.webp 300w, https:\/\/homeinterijeri.hr\/wp-content\/uploads\/2022\/12\/Stolovi-po-mjeri-150x150.webp 150w, https:\/\/homeinterijeri.hr\/wp-content\/uploads\/2022\/12\/Stolovi-po-mjeri-768x768.webp 768w\" sizes=\"(max-width: 800px) 100vw, 800px\" \/>\t\t\t\t\t\t\t\t<\/a>\n\t\t\t\t\t\t\t\t\t\t\t\t\t\t\t<\/div>\n\t\t\t\t<\/div>\n\t\t\t\t<div class=\"elementor-element elementor-element-4838e51 elementor-widget elementor-widget-heading\" data-id=\"4838e51\" data-element_type=\"widget\" data-widget_type=\"heading.default\">\n\t\t\t\t<div class=\"elementor-widget-container\">\n\t\t\t\t\t<h2 class=\"elementor-heading-title elementor-size-default\"><a href=\"https:\/\/homeinterijeri.hr\/de\/angebot\/#stol\">Massiv<\/a><\/h2>\t\t\t\t<\/div>\n\t\t\t\t<\/div>\n\t\t\t\t\t<\/div>\n\t\t<\/div>\n\t\t\t\t\t<\/div>\n\t\t<\/section>\n\t\t\t\t<section class=\"elementor-section elementor-top-section elementor-element elementor-element-ca188e6 elementor-section-boxed elementor-section-height-default elementor-section-height-default elementor-invisible\" data-id=\"ca188e6\" data-element_type=\"section\" data-settings=\"{&quot;animation&quot;:&quot;fadeIn&quot;}\">\n\t\t\t\t\t\t<div class=\"elementor-container elementor-column-gap-default\">\n\t\t\t\t\t<div class=\"elementor-column elementor-col-33 elementor-top-column elementor-element elementor-element-f10914c\" data-id=\"f10914c\" data-element_type=\"column\">\n\t\t\t<div class=\"elementor-widget-wrap elementor-element-populated\">\n\t\t\t\t\t\t<div class=\"elementor-element elementor-element-d9db482 elementor-widget elementor-widget-image\" data-id=\"d9db482\" data-element_type=\"widget\" data-widget_type=\"image.default\">\n\t\t\t\t<div class=\"elementor-widget-container\">\n\t\t\t\t\t\t\t\t\t\t\t\t\t\t\t\t<a href=\"#ormar\">\n\t\t\t\t\t\t\t<img loading=\"lazy\" decoding=\"async\" width=\"800\" height=\"800\" src=\"https:\/\/homeinterijeri.hr\/wp-content\/uploads\/2022\/12\/ormari.webp\" class=\"attachment-large size-large wp-image-12797\" alt=\"Inneneinrichtung, ma\u00dfgeschneiderte M\u00f6bel, M\u00f6bel, Kleiderschrank, Bar, Innenarchitektur\" srcset=\"https:\/\/homeinterijeri.hr\/wp-content\/uploads\/2022\/12\/ormari.webp 800w, https:\/\/homeinterijeri.hr\/wp-content\/uploads\/2022\/12\/ormari-300x300.webp 300w, https:\/\/homeinterijeri.hr\/wp-content\/uploads\/2022\/12\/ormari-150x150.webp 150w, https:\/\/homeinterijeri.hr\/wp-content\/uploads\/2022\/12\/ormari-768x768.webp 768w\" sizes=\"(max-width: 800px) 100vw, 800px\" \/>\t\t\t\t\t\t\t\t<\/a>\n\t\t\t\t\t\t\t\t\t\t\t\t\t\t\t<\/div>\n\t\t\t\t<\/div>\n\t\t\t\t<div class=\"elementor-element elementor-element-41538c1 elementor-widget elementor-widget-heading\" data-id=\"41538c1\" data-element_type=\"widget\" data-widget_type=\"heading.default\">\n\t\t\t\t<div class=\"elementor-widget-container\">\n\t\t\t\t\t<h2 class=\"elementor-heading-title elementor-size-default\"><a href=\"https:\/\/homeinterijeri.hr\/de\/angebot\/#ormar\">Schr\u00e4nke<\/a><\/h2>\t\t\t\t<\/div>\n\t\t\t\t<\/div>\n\t\t\t\t\t<\/div>\n\t\t<\/div>\n\t\t\t\t<div class=\"elementor-column elementor-col-33 elementor-top-column elementor-element elementor-element-5471cfe\" data-id=\"5471cfe\" data-element_type=\"column\">\n\t\t\t<div class=\"elementor-widget-wrap elementor-element-populated\">\n\t\t\t\t\t\t<div class=\"elementor-element elementor-element-0a58cd9 elementor-widget elementor-widget-image\" data-id=\"0a58cd9\" data-element_type=\"widget\" data-widget_type=\"image.default\">\n\t\t\t\t<div class=\"elementor-widget-container\">\n\t\t\t\t\t\t\t\t\t\t\t\t\t\t\t\t<a href=\"#kupaonica\">\n\t\t\t\t\t\t\t<img loading=\"lazy\" decoding=\"async\" width=\"800\" height=\"800\" src=\"https:\/\/homeinterijeri.hr\/wp-content\/uploads\/2022\/12\/kupaonski-namjestaj.webp\" class=\"attachment-large size-large wp-image-12796\" alt=\"Inneneinrichtung, ma\u00dfgeschneiderte M\u00f6bel, M\u00f6bel, Kleiderschrank, Bar, Innenarchitektur\" srcset=\"https:\/\/homeinterijeri.hr\/wp-content\/uploads\/2022\/12\/kupaonski-namjestaj.webp 800w, https:\/\/homeinterijeri.hr\/wp-content\/uploads\/2022\/12\/kupaonski-namjestaj-300x300.webp 300w, https:\/\/homeinterijeri.hr\/wp-content\/uploads\/2022\/12\/kupaonski-namjestaj-150x150.webp 150w, https:\/\/homeinterijeri.hr\/wp-content\/uploads\/2022\/12\/kupaonski-namjestaj-768x768.webp 768w\" sizes=\"(max-width: 800px) 100vw, 800px\" \/>\t\t\t\t\t\t\t\t<\/a>\n\t\t\t\t\t\t\t\t\t\t\t\t\t\t\t<\/div>\n\t\t\t\t<\/div>\n\t\t\t\t<div class=\"elementor-element elementor-element-afd67a3 elementor-widget elementor-widget-heading\" data-id=\"afd67a3\" data-element_type=\"widget\" data-widget_type=\"heading.default\">\n\t\t\t\t<div class=\"elementor-widget-container\">\n\t\t\t\t\t<h2 class=\"elementor-heading-title elementor-size-default\"><a href=\"https:\/\/homeinterijeri.hr\/de\/angebot\/#kupaonica\">Badezimmer<br> M\u00f6bel<\/a><\/h2>\t\t\t\t<\/div>\n\t\t\t\t<\/div>\n\t\t\t\t\t<\/div>\n\t\t<\/div>\n\t\t\t\t<div class=\"elementor-column elementor-col-33 elementor-top-column elementor-element elementor-element-34d2e52\" data-id=\"34d2e52\" data-element_type=\"column\">\n\t\t\t<div class=\"elementor-widget-wrap elementor-element-populated\">\n\t\t\t\t\t\t<div class=\"elementor-element elementor-element-5ecb729 elementor-widget elementor-widget-image\" data-id=\"5ecb729\" data-element_type=\"widget\" data-widget_type=\"image.default\">\n\t\t\t\t<div class=\"elementor-widget-container\">\n\t\t\t\t\t\t\t\t\t\t\t\t\t\t\t\t<a href=\"#vrata\">\n\t\t\t\t\t\t\t<img loading=\"lazy\" decoding=\"async\" width=\"800\" height=\"800\" src=\"https:\/\/homeinterijeri.hr\/wp-content\/uploads\/2022\/12\/Vrata.webp\" class=\"attachment-large size-large wp-image-12800\" alt=\"Inneneinrichtung, ma\u00dfgeschneiderte M\u00f6bel, M\u00f6bel, Kleiderschrank, Bar, Innenarchitektur\" srcset=\"https:\/\/homeinterijeri.hr\/wp-content\/uploads\/2022\/12\/Vrata.webp 800w, https:\/\/homeinterijeri.hr\/wp-content\/uploads\/2022\/12\/Vrata-300x300.webp 300w, https:\/\/homeinterijeri.hr\/wp-content\/uploads\/2022\/12\/Vrata-150x150.webp 150w, https:\/\/homeinterijeri.hr\/wp-content\/uploads\/2022\/12\/Vrata-768x768.webp 768w\" sizes=\"(max-width: 800px) 100vw, 800px\" \/>\t\t\t\t\t\t\t\t<\/a>\n\t\t\t\t\t\t\t\t\t\t\t\t\t\t\t<\/div>\n\t\t\t\t<\/div>\n\t\t\t\t<div class=\"elementor-element elementor-element-946a0b3 elementor-widget elementor-widget-heading\" data-id=\"946a0b3\" data-element_type=\"widget\" data-widget_type=\"heading.default\">\n\t\t\t\t<div class=\"elementor-widget-container\">\n\t\t\t\t\t<h2 class=\"elementor-heading-title elementor-size-default\"><a href=\"https:\/\/homeinterijeri.hr\/de\/angebot\/#vrata\">T\u00fcren<\/a><\/h2>\t\t\t\t<\/div>\n\t\t\t\t<\/div>\n\t\t\t\t\t<\/div>\n\t\t<\/div>\n\t\t\t\t\t<\/div>\n\t\t<\/section>\n\t\t\t\t<section class=\"elementor-section elementor-top-section elementor-element elementor-element-7af4764f elementor-section-content-middle sobe elementor-section-boxed elementor-section-height-default elementor-section-height-default elementor-invisible\" data-id=\"7af4764f\" data-element_type=\"section\" id=\"sobe\" data-settings=\"{&quot;animation&quot;:&quot;fadeInUp&quot;,&quot;animation_delay&quot;:100}\">\n\t\t\t\t\t\t<div class=\"elementor-container elementor-column-gap-no\">\n\t\t\t\t\t<div class=\"elementor-column elementor-col-50 elementor-top-column elementor-element elementor-element-60dc01ba\" data-id=\"60dc01ba\" data-element_type=\"column\">\n\t\t\t<div class=\"elementor-widget-wrap elementor-element-populated\">\n\t\t\t\t\t\t<div class=\"elementor-element elementor-element-6e75dfb6 elementor-widget__width-auto elementor-widget elementor-widget-heading\" data-id=\"6e75dfb6\" data-element_type=\"widget\" data-widget_type=\"heading.default\">\n\t\t\t\t<div class=\"elementor-widget-container\">\n\t\t\t\t\t<h6 class=\"elementor-heading-title elementor-size-default\">SCHLAFZIMMER<\/h6>\t\t\t\t<\/div>\n\t\t\t\t<\/div>\n\t\t\t\t<div class=\"elementor-element elementor-element-14f6ef5a elementor-widget elementor-widget-heading\" data-id=\"14f6ef5a\" data-element_type=\"widget\" data-widget_type=\"heading.default\">\n\t\t\t\t<div class=\"elementor-widget-container\">\n\t\t\t\t\t<h2 class=\"elementor-heading-title elementor-size-default\">Erleben Sie den Luxus ma\u00dfgefertigter Betten.<\/h2>\t\t\t\t<\/div>\n\t\t\t\t<\/div>\n\t\t\t\t<div class=\"elementor-element elementor-element-621090d4 elementor-widget elementor-widget-text-editor\" data-id=\"621090d4\" data-element_type=\"widget\" data-widget_type=\"text-editor.default\">\n\t\t\t\t<div class=\"elementor-widget-container\">\n\t\t\t\t\t\t\t\t\t<p>Unsere ma\u00dfgeschneiderten Schlafzimmerbetten bilden da keine Ausnahme. Ganz gleich, ob Sie ein einfaches und funktionelles Bett oder ein luxuri\u00f6ses und verziertes Bett w\u00fcnschen, wir verf\u00fcgen \u00fcber die F\u00e4higkeiten und das Fachwissen, um Ihre Vision zum Leben zu erwecken. Wir verwenden nur die hochwertigsten Materialien und Fachwissen, um sicherzustellen, dass unsere Betten sch\u00f6n und langlebig sind.<\/p><p>Neben ma\u00dfgefertigten Betten bieten wir auch eine gro\u00dfe Auswahl an weiteren ma\u00dfgefertigten M\u00f6beloptionen f\u00fcr jeden Raum im Haus an, darunter Tische, St\u00fchle, Kleiderschr\u00e4nke und mehr. Was auch immer Ihre M\u00f6belbed\u00fcrfnisse sind, wir sind zuversichtlich, dass wir etwas schaffen k\u00f6nnen, das Ihre Erwartungen \u00fcbertrifft.<\/p><p>Kontaktieren Sie uns noch heute, um mehr \u00fcber unsere individuellen Bettoptionen zu erfahren und mit der Gestaltung des Schlafzimmers Ihrer Tr\u00e4ume zu beginnen.<\/p>\t\t\t\t\t\t\t\t<\/div>\n\t\t\t\t<\/div>\n\t\t\t\t<div class=\"elementor-element elementor-element-475da83e elementor-widget__width-initial elementor-widget elementor-widget-button\" data-id=\"475da83e\" data-element_type=\"widget\" data-widget_type=\"button.default\">\n\t\t\t\t<div class=\"elementor-widget-container\">\n\t\t\t\t\t\t\t\t\t<div class=\"elementor-button-wrapper\">\n\t\t\t\t\t<a class=\"elementor-button elementor-button-link elementor-size-sm elementor-animation-float\" href=\"https:\/\/homeinterijeri.hr\/de\/kontakt\/#kontakt\">\n\t\t\t\t\t\t<span class=\"elementor-button-content-wrapper\">\n\t\t\t\t\t\t<span class=\"elementor-button-icon\">\n\t\t\t\t<i aria-hidden=\"true\" class=\"fas fa-long-arrow-alt-right\"><\/i>\t\t\t<\/span>\n\t\t\t\t\t\t\t\t\t<span class=\"elementor-button-text\">Kontaktiere uns<\/span>\n\t\t\t\t\t<\/span>\n\t\t\t\t\t<\/a>\n\t\t\t\t<\/div>\n\t\t\t\t\t\t\t\t<\/div>\n\t\t\t\t<\/div>\n\t\t\t\t<div class=\"elementor-element elementor-element-1bc09e8 elementor-widget__width-initial elementor-hidden-mobile elementor-widget elementor-widget-button\" data-id=\"1bc09e8\" data-element_type=\"widget\" data-widget_type=\"button.default\">\n\t\t\t\t<div class=\"elementor-widget-container\">\n\t\t\t\t\t\t\t\t\t<div class=\"elementor-button-wrapper\">\n\t\t\t\t\t<a class=\"elementor-button elementor-button-link elementor-size-sm\" href=\"https:\/\/homeinterijeri.hr\/de\/projekte\/\">\n\t\t\t\t\t\t<span class=\"elementor-button-content-wrapper\">\n\t\t\t\t\t\t<span class=\"elementor-button-icon\">\n\t\t\t\t\t\t\t<\/span>\n\t\t\t\t\t\t\t\t\t<span class=\"elementor-button-text\">Unsere Projekte<\/span>\n\t\t\t\t\t<\/span>\n\t\t\t\t\t<\/a>\n\t\t\t\t<\/div>\n\t\t\t\t\t\t\t\t<\/div>\n\t\t\t\t<\/div>\n\t\t\t\t\t<\/div>\n\t\t<\/div>\n\t\t\t\t<div class=\"elementor-column elementor-col-50 elementor-top-column elementor-element elementor-element-bb1ba72\" data-id=\"bb1ba72\" data-element_type=\"column\" data-settings=\"{&quot;background_background&quot;:&quot;classic&quot;,&quot;motion_fx_motion_fx_scrolling&quot;:&quot;yes&quot;,&quot;motion_fx_translateY_effect&quot;:&quot;yes&quot;,&quot;motion_fx_translateY_direction&quot;:&quot;negative&quot;,&quot;motion_fx_translateY_speed&quot;:{&quot;unit&quot;:&quot;px&quot;,&quot;size&quot;:0.6,&quot;sizes&quot;:[]},&quot;motion_fx_devices&quot;:[&quot;desktop&quot;],&quot;motion_fx_translateY_affectedRange&quot;:{&quot;unit&quot;:&quot;%&quot;,&quot;size&quot;:&quot;&quot;,&quot;sizes&quot;:{&quot;start&quot;:0,&quot;end&quot;:100}}}\">\n\t\t\t<div class=\"elementor-widget-wrap elementor-element-populated\">\n\t\t\t\t\t<div class=\"elementor-background-overlay\"><\/div>\n\t\t\t\t\t\t<div class=\"elementor-element elementor-element-71aed95 elementor-widget elementor-widget-image\" data-id=\"71aed95\" data-element_type=\"widget\" data-widget_type=\"image.default\">\n\t\t\t\t<div class=\"elementor-widget-container\">\n\t\t\t\t\t\t\t\t\t\t\t\t\t\t\t<img loading=\"lazy\" decoding=\"async\" width=\"800\" height=\"600\" src=\"https:\/\/homeinterijeri.hr\/wp-content\/uploads\/2022\/12\/Sobe-1.webp\" class=\"attachment-full size-full wp-image-12820\" alt=\"Inneneinrichtung, ma\u00dfgeschneiderte M\u00f6bel, M\u00f6bel, Kleiderschrank, Bar, Innenarchitektur\" srcset=\"https:\/\/homeinterijeri.hr\/wp-content\/uploads\/2022\/12\/Sobe-1.webp 800w, https:\/\/homeinterijeri.hr\/wp-content\/uploads\/2022\/12\/Sobe-1-300x225.webp 300w, https:\/\/homeinterijeri.hr\/wp-content\/uploads\/2022\/12\/Sobe-1-768x576.webp 768w\" sizes=\"(max-width: 800px) 100vw, 800px\" \/>\t\t\t\t\t\t\t\t\t\t\t\t\t\t\t<\/div>\n\t\t\t\t<\/div>\n\t\t\t\t\t<\/div>\n\t\t<\/div>\n\t\t\t\t\t<\/div>\n\t\t<\/section>\n\t\t\t\t<section class=\"elementor-section elementor-top-section elementor-element elementor-element-230a90a elementor-section-content-middle kuhinja elementor-reverse-tablet elementor-reverse-mobile elementor-section-boxed elementor-section-height-default elementor-section-height-default elementor-invisible\" data-id=\"230a90a\" data-element_type=\"section\" id=\"kuhinja\" data-settings=\"{&quot;animation&quot;:&quot;fadeInUp&quot;,&quot;animation_delay&quot;:100}\">\n\t\t\t\t\t\t<div class=\"elementor-container elementor-column-gap-no\">\n\t\t\t\t\t<div class=\"elementor-column elementor-col-50 elementor-top-column elementor-element elementor-element-3cecdec\" data-id=\"3cecdec\" data-element_type=\"column\" data-settings=\"{&quot;background_background&quot;:&quot;classic&quot;,&quot;motion_fx_motion_fx_scrolling&quot;:&quot;yes&quot;,&quot;motion_fx_translateY_effect&quot;:&quot;yes&quot;,&quot;motion_fx_translateY_direction&quot;:&quot;negative&quot;,&quot;motion_fx_translateY_speed&quot;:{&quot;unit&quot;:&quot;px&quot;,&quot;size&quot;:0.6,&quot;sizes&quot;:[]},&quot;motion_fx_devices&quot;:[&quot;desktop&quot;],&quot;motion_fx_translateY_affectedRange&quot;:{&quot;unit&quot;:&quot;%&quot;,&quot;size&quot;:&quot;&quot;,&quot;sizes&quot;:{&quot;start&quot;:0,&quot;end&quot;:100}}}\">\n\t\t\t<div class=\"elementor-widget-wrap elementor-element-populated\">\n\t\t\t\t\t<div class=\"elementor-background-overlay\"><\/div>\n\t\t\t\t\t\t<div class=\"elementor-element elementor-element-9b9f663 elementor-widget elementor-widget-image\" data-id=\"9b9f663\" data-element_type=\"widget\" data-widget_type=\"image.default\">\n\t\t\t\t<div class=\"elementor-widget-container\">\n\t\t\t\t\t\t\t\t\t\t\t\t\t\t\t<img loading=\"lazy\" decoding=\"async\" width=\"800\" height=\"600\" src=\"https:\/\/homeinterijeri.hr\/wp-content\/uploads\/2022\/12\/Kuhinje-1.webp\" class=\"attachment-full size-full wp-image-12817\" alt=\"Inneneinrichtung, ma\u00dfgeschneiderte M\u00f6bel, M\u00f6bel, Kleiderschrank, Bar, Innenarchitektur\" srcset=\"https:\/\/homeinterijeri.hr\/wp-content\/uploads\/2022\/12\/Kuhinje-1.webp 800w, https:\/\/homeinterijeri.hr\/wp-content\/uploads\/2022\/12\/Kuhinje-1-300x225.webp 300w, https:\/\/homeinterijeri.hr\/wp-content\/uploads\/2022\/12\/Kuhinje-1-768x576.webp 768w\" sizes=\"(max-width: 800px) 100vw, 800px\" \/>\t\t\t\t\t\t\t\t\t\t\t\t\t\t\t<\/div>\n\t\t\t\t<\/div>\n\t\t\t\t\t<\/div>\n\t\t<\/div>\n\t\t\t\t<div class=\"elementor-column elementor-col-50 elementor-top-column elementor-element elementor-element-bfef3ef\" data-id=\"bfef3ef\" data-element_type=\"column\">\n\t\t\t<div class=\"elementor-widget-wrap elementor-element-populated\">\n\t\t\t\t\t\t<div class=\"elementor-element elementor-element-ca0308b elementor-widget__width-auto elementor-widget elementor-widget-heading\" data-id=\"ca0308b\" data-element_type=\"widget\" data-widget_type=\"heading.default\">\n\t\t\t\t<div class=\"elementor-widget-container\">\n\t\t\t\t\t<h6 class=\"elementor-heading-title elementor-size-default\">K\u00fcche<\/h6>\t\t\t\t<\/div>\n\t\t\t\t<\/div>\n\t\t\t\t<div class=\"elementor-element elementor-element-859411d elementor-widget elementor-widget-heading\" data-id=\"859411d\" data-element_type=\"widget\" data-widget_type=\"heading.default\">\n\t\t\t\t<div class=\"elementor-widget-container\">\n\t\t\t\t\t<h2 class=\"elementor-heading-title elementor-size-default\">Verwandeln Sie Ihre K\u00fcche ganz nach Ihren Vorstellungen.<\/h2>\t\t\t\t<\/div>\n\t\t\t\t<\/div>\n\t\t\t\t<div class=\"elementor-element elementor-element-67c5a14 elementor-widget elementor-widget-text-editor\" data-id=\"67c5a14\" data-element_type=\"widget\" data-widget_type=\"text-editor.default\">\n\t\t\t\t<div class=\"elementor-widget-container\">\n\t\t\t\t\t\t\t\t\t<p>Bei Home Interiors sind wir stolz darauf, ma\u00dfgeschneiderte K\u00fcchenl\u00f6sungen anzubieten, die an die spezifischen Bed\u00fcrfnisse und Vorlieben unserer Kunden angepasst sind. Egal, ob Sie eine elegante und moderne K\u00fcche oder eine gem\u00fctliche und traditionelle K\u00fcche w\u00fcnschen, wir verf\u00fcgen \u00fcber die F\u00e4higkeiten und das Fachwissen, um Ihre Vision zum Leben zu erwecken. Wir verwenden nur die hochwertigsten Materialien und Erfahrung, um sicherzustellen, dass unsere ma\u00dfgefertigten K\u00fcchenschr\u00e4nke, Arbeitsplatten und anderen Einrichtungsgegenst\u00e4nde sch\u00f6n und langlebig sind.<\/p><p>Neben ma\u00dfgefertigten K\u00fcchen bieten wir auch eine Vielzahl weiterer ma\u00dfgefertigter M\u00f6beloptionen f\u00fcr jeden Raum im Haus an, darunter Tische, St\u00fchle, Betten und mehr. Was auch immer Ihre M\u00f6belbed\u00fcrfnisse sind, wir sind zuversichtlich, dass wir etwas schaffen k\u00f6nnen, das Ihre Erwartungen \u00fcbertrifft.<\/p><p>Kontaktieren Sie uns noch heute, um mehr \u00fcber unsere individuellen K\u00fcchenoptionen zu erfahren und mit der Gestaltung der K\u00fcche Ihrer Tr\u00e4ume zu beginnen.<\/p>\t\t\t\t\t\t\t\t<\/div>\n\t\t\t\t<\/div>\n\t\t\t\t<div class=\"elementor-element elementor-element-bd1a7db elementor-widget__width-initial elementor-widget elementor-widget-button\" data-id=\"bd1a7db\" data-element_type=\"widget\" data-widget_type=\"button.default\">\n\t\t\t\t<div class=\"elementor-widget-container\">\n\t\t\t\t\t\t\t\t\t<div class=\"elementor-button-wrapper\">\n\t\t\t\t\t<a class=\"elementor-button elementor-button-link elementor-size-sm elementor-animation-float\" href=\"https:\/\/homeinterijeri.hr\/de\/kontakt\/#kontakt\">\n\t\t\t\t\t\t<span class=\"elementor-button-content-wrapper\">\n\t\t\t\t\t\t<span class=\"elementor-button-icon\">\n\t\t\t\t<i aria-hidden=\"true\" class=\"fas fa-long-arrow-alt-right\"><\/i>\t\t\t<\/span>\n\t\t\t\t\t\t\t\t\t<span class=\"elementor-button-text\">Kontaktiere uns<\/span>\n\t\t\t\t\t<\/span>\n\t\t\t\t\t<\/a>\n\t\t\t\t<\/div>\n\t\t\t\t\t\t\t\t<\/div>\n\t\t\t\t<\/div>\n\t\t\t\t<div class=\"elementor-element elementor-element-de78e89 elementor-widget__width-initial elementor-hidden-mobile elementor-widget elementor-widget-button\" data-id=\"de78e89\" data-element_type=\"widget\" data-widget_type=\"button.default\">\n\t\t\t\t<div class=\"elementor-widget-container\">\n\t\t\t\t\t\t\t\t\t<div class=\"elementor-button-wrapper\">\n\t\t\t\t\t<a class=\"elementor-button elementor-button-link elementor-size-sm\" href=\"https:\/\/homeinterijeri.hr\/de\/projekte\/\">\n\t\t\t\t\t\t<span class=\"elementor-button-content-wrapper\">\n\t\t\t\t\t\t<span class=\"elementor-button-icon\">\n\t\t\t\t\t\t\t<\/span>\n\t\t\t\t\t\t\t\t\t<span class=\"elementor-button-text\">Unsere Projekte<\/span>\n\t\t\t\t\t<\/span>\n\t\t\t\t\t<\/a>\n\t\t\t\t<\/div>\n\t\t\t\t\t\t\t\t<\/div>\n\t\t\t\t<\/div>\n\t\t\t\t\t<\/div>\n\t\t<\/div>\n\t\t\t\t\t<\/div>\n\t\t<\/section>\n\t\t\t\t<section class=\"elementor-section elementor-top-section elementor-element elementor-element-b8d090b elementor-section-content-middle stol elementor-section-boxed elementor-section-height-default elementor-section-height-default elementor-invisible\" data-id=\"b8d090b\" data-element_type=\"section\" id=\"stol\" data-settings=\"{&quot;animation&quot;:&quot;fadeInUp&quot;,&quot;animation_delay&quot;:100}\">\n\t\t\t\t\t\t<div class=\"elementor-container elementor-column-gap-no\">\n\t\t\t\t\t<div class=\"elementor-column elementor-col-50 elementor-top-column elementor-element elementor-element-93085cb\" data-id=\"93085cb\" data-element_type=\"column\">\n\t\t\t<div class=\"elementor-widget-wrap elementor-element-populated\">\n\t\t\t\t\t\t<div class=\"elementor-element elementor-element-62f290b elementor-widget__width-auto elementor-widget elementor-widget-heading\" data-id=\"62f290b\" data-element_type=\"widget\" data-widget_type=\"heading.default\">\n\t\t\t\t<div class=\"elementor-widget-container\">\n\t\t\t\t\t<h6 class=\"elementor-heading-title elementor-size-default\">MASSIV<\/h6>\t\t\t\t<\/div>\n\t\t\t\t<\/div>\n\t\t\t\t<div class=\"elementor-element elementor-element-34f7312 elementor-widget elementor-widget-heading\" data-id=\"34f7312\" data-element_type=\"widget\" data-widget_type=\"heading.default\">\n\t\t\t\t<div class=\"elementor-widget-container\">\n\t\t\t\t\t<h2 class=\"elementor-heading-title elementor-size-default\">Erleben Sie die Sch\u00f6nheit und Haltbarkeit ma\u00dfgeschneiderter Feststoffe.<\/h2>\t\t\t\t<\/div>\n\t\t\t\t<\/div>\n\t\t\t\t<div class=\"elementor-element elementor-element-74de538 elementor-widget elementor-widget-text-editor\" data-id=\"74de538\" data-element_type=\"widget\" data-widget_type=\"text-editor.default\">\n\t\t\t\t<div class=\"elementor-widget-container\">\n\t\t\t\t\t\t\t\t\t<p>Wenn Sie Ihrem Zuhause eine einzigartige und pers\u00f6nliche Note verleihen m\u00f6chten, sollten Sie \u00fcber die Investition in ma\u00dfgeschneidertes Massivholz von Home Interijer nachdenken.<\/p><p>Unser Team aus erfahrenen Handwerkern kann eine gro\u00dfe Auswahl an Tischplatten herstellen, die Ihrem individuellen Stil und Ihren Bed\u00fcrfnissen entsprechen, darunter Esstischplatten, Tischplatten f\u00fcr den Au\u00dfenbereich und mehr. Ob Sie ein elegantes und modernes Design oder ein traditionelles und rustikales Design w\u00fcnschen, wir verf\u00fcgen \u00fcber die Erfahrung und das Fachwissen, um Ihre Vision zum Leben zu erwecken. Wir verwenden nur die besten Materialien und das beste Fachwissen, um sicherzustellen, dass unser ma\u00dfgeschneidertes Massivholz sch\u00f6n und langlebig ist.<\/p><p>Kontaktieren Sie uns noch heute, um mehr \u00fcber unsere ma\u00dfgeschneiderten Massiv-Optionen zu erfahren und mit der Gestaltung des Hauses Ihrer Tr\u00e4ume zu beginnen.<\/p>\t\t\t\t\t\t\t\t<\/div>\n\t\t\t\t<\/div>\n\t\t\t\t<div class=\"elementor-element elementor-element-98b6e92 elementor-widget__width-initial elementor-widget elementor-widget-button\" data-id=\"98b6e92\" data-element_type=\"widget\" data-widget_type=\"button.default\">\n\t\t\t\t<div class=\"elementor-widget-container\">\n\t\t\t\t\t\t\t\t\t<div class=\"elementor-button-wrapper\">\n\t\t\t\t\t<a class=\"elementor-button elementor-button-link elementor-size-sm elementor-animation-float\" href=\"https:\/\/homeinterijeri.hr\/de\/kontakt\/#kontakt\">\n\t\t\t\t\t\t<span class=\"elementor-button-content-wrapper\">\n\t\t\t\t\t\t<span class=\"elementor-button-icon\">\n\t\t\t\t<i aria-hidden=\"true\" class=\"fas fa-long-arrow-alt-right\"><\/i>\t\t\t<\/span>\n\t\t\t\t\t\t\t\t\t<span class=\"elementor-button-text\">Kontaktiere uns<\/span>\n\t\t\t\t\t<\/span>\n\t\t\t\t\t<\/a>\n\t\t\t\t<\/div>\n\t\t\t\t\t\t\t\t<\/div>\n\t\t\t\t<\/div>\n\t\t\t\t<div class=\"elementor-element elementor-element-a9c21e7 elementor-widget__width-initial elementor-hidden-mobile elementor-widget elementor-widget-button\" data-id=\"a9c21e7\" data-element_type=\"widget\" data-widget_type=\"button.default\">\n\t\t\t\t<div class=\"elementor-widget-container\">\n\t\t\t\t\t\t\t\t\t<div class=\"elementor-button-wrapper\">\n\t\t\t\t\t<a class=\"elementor-button elementor-button-link elementor-size-sm\" href=\"https:\/\/homeinterijeri.hr\/de\/projekte\/\">\n\t\t\t\t\t\t<span class=\"elementor-button-content-wrapper\">\n\t\t\t\t\t\t<span class=\"elementor-button-icon\">\n\t\t\t\t\t\t\t<\/span>\n\t\t\t\t\t\t\t\t\t<span class=\"elementor-button-text\">Unsere Projekte<\/span>\n\t\t\t\t\t<\/span>\n\t\t\t\t\t<\/a>\n\t\t\t\t<\/div>\n\t\t\t\t\t\t\t\t<\/div>\n\t\t\t\t<\/div>\n\t\t\t\t\t<\/div>\n\t\t<\/div>\n\t\t\t\t<div class=\"elementor-column elementor-col-50 elementor-top-column elementor-element elementor-element-0589dce\" data-id=\"0589dce\" data-element_type=\"column\" data-settings=\"{&quot;background_background&quot;:&quot;classic&quot;,&quot;motion_fx_motion_fx_scrolling&quot;:&quot;yes&quot;,&quot;motion_fx_translateY_effect&quot;:&quot;yes&quot;,&quot;motion_fx_translateY_direction&quot;:&quot;negative&quot;,&quot;motion_fx_translateY_speed&quot;:{&quot;unit&quot;:&quot;px&quot;,&quot;size&quot;:0.6,&quot;sizes&quot;:[]},&quot;motion_fx_devices&quot;:[&quot;desktop&quot;],&quot;motion_fx_translateY_affectedRange&quot;:{&quot;unit&quot;:&quot;%&quot;,&quot;size&quot;:&quot;&quot;,&quot;sizes&quot;:{&quot;start&quot;:0,&quot;end&quot;:100}}}\">\n\t\t\t<div class=\"elementor-widget-wrap elementor-element-populated\">\n\t\t\t\t\t<div class=\"elementor-background-overlay\"><\/div>\n\t\t\t\t\t\t<div class=\"elementor-element elementor-element-c200083 elementor-widget elementor-widget-image\" data-id=\"c200083\" data-element_type=\"widget\" data-widget_type=\"image.default\">\n\t\t\t\t<div class=\"elementor-widget-container\">\n\t\t\t\t\t\t\t\t\t\t\t\t\t\t\t<img loading=\"lazy\" decoding=\"async\" width=\"800\" height=\"600\" src=\"https:\/\/homeinterijeri.hr\/wp-content\/uploads\/2022\/12\/Stolovi-po-mjeri-1.webp\" class=\"attachment-full size-full wp-image-12821\" alt=\"Inneneinrichtung, ma\u00dfgeschneiderte M\u00f6bel, M\u00f6bel, Kleiderschrank, Bar, Innenarchitektur\" srcset=\"https:\/\/homeinterijeri.hr\/wp-content\/uploads\/2022\/12\/Stolovi-po-mjeri-1.webp 800w, https:\/\/homeinterijeri.hr\/wp-content\/uploads\/2022\/12\/Stolovi-po-mjeri-1-300x225.webp 300w, https:\/\/homeinterijeri.hr\/wp-content\/uploads\/2022\/12\/Stolovi-po-mjeri-1-768x576.webp 768w\" sizes=\"(max-width: 800px) 100vw, 800px\" \/>\t\t\t\t\t\t\t\t\t\t\t\t\t\t\t<\/div>\n\t\t\t\t<\/div>\n\t\t\t\t\t<\/div>\n\t\t<\/div>\n\t\t\t\t\t<\/div>\n\t\t<\/section>\n\t\t\t\t<section class=\"elementor-section elementor-top-section elementor-element elementor-element-96fe810 elementor-section-content-middle ormar elementor-reverse-tablet elementor-reverse-mobile elementor-section-boxed elementor-section-height-default elementor-section-height-default elementor-invisible\" data-id=\"96fe810\" data-element_type=\"section\" id=\"ormar\" data-settings=\"{&quot;animation&quot;:&quot;fadeInUp&quot;,&quot;animation_delay&quot;:100}\">\n\t\t\t\t\t\t<div class=\"elementor-container elementor-column-gap-no\">\n\t\t\t\t\t<div class=\"elementor-column elementor-col-50 elementor-top-column elementor-element elementor-element-0bdbba7\" data-id=\"0bdbba7\" data-element_type=\"column\" data-settings=\"{&quot;background_background&quot;:&quot;classic&quot;,&quot;motion_fx_motion_fx_scrolling&quot;:&quot;yes&quot;,&quot;motion_fx_translateY_effect&quot;:&quot;yes&quot;,&quot;motion_fx_translateY_direction&quot;:&quot;negative&quot;,&quot;motion_fx_translateY_speed&quot;:{&quot;unit&quot;:&quot;px&quot;,&quot;size&quot;:0.6,&quot;sizes&quot;:[]},&quot;motion_fx_devices&quot;:[&quot;desktop&quot;],&quot;motion_fx_translateY_affectedRange&quot;:{&quot;unit&quot;:&quot;%&quot;,&quot;size&quot;:&quot;&quot;,&quot;sizes&quot;:{&quot;start&quot;:0,&quot;end&quot;:100}}}\">\n\t\t\t<div class=\"elementor-widget-wrap elementor-element-populated\">\n\t\t\t\t\t<div class=\"elementor-background-overlay\"><\/div>\n\t\t\t\t\t\t<div class=\"elementor-element elementor-element-fa2d173 elementor-widget elementor-widget-image\" data-id=\"fa2d173\" data-element_type=\"widget\" data-widget_type=\"image.default\">\n\t\t\t\t<div class=\"elementor-widget-container\">\n\t\t\t\t\t\t\t\t\t\t\t\t\t\t\t<img loading=\"lazy\" decoding=\"async\" width=\"800\" height=\"600\" src=\"https:\/\/homeinterijeri.hr\/wp-content\/uploads\/2022\/12\/ormari-1.webp\" class=\"attachment-full size-full wp-image-12819\" alt=\"Inneneinrichtung, ma\u00dfgeschneiderte M\u00f6bel, M\u00f6bel, Kleiderschrank, Bar, Innenarchitektur\" srcset=\"https:\/\/homeinterijeri.hr\/wp-content\/uploads\/2022\/12\/ormari-1.webp 800w, https:\/\/homeinterijeri.hr\/wp-content\/uploads\/2022\/12\/ormari-1-300x225.webp 300w, https:\/\/homeinterijeri.hr\/wp-content\/uploads\/2022\/12\/ormari-1-768x576.webp 768w\" sizes=\"(max-width: 800px) 100vw, 800px\" \/>\t\t\t\t\t\t\t\t\t\t\t\t\t\t\t<\/div>\n\t\t\t\t<\/div>\n\t\t\t\t\t<\/div>\n\t\t<\/div>\n\t\t\t\t<div class=\"elementor-column elementor-col-50 elementor-top-column elementor-element elementor-element-af1ee83\" data-id=\"af1ee83\" data-element_type=\"column\">\n\t\t\t<div class=\"elementor-widget-wrap elementor-element-populated\">\n\t\t\t\t\t\t<div class=\"elementor-element elementor-element-6f4877f elementor-widget__width-auto elementor-widget elementor-widget-heading\" data-id=\"6f4877f\" data-element_type=\"widget\" data-widget_type=\"heading.default\">\n\t\t\t\t<div class=\"elementor-widget-container\">\n\t\t\t\t\t<h6 class=\"elementor-heading-title elementor-size-default\">SCHR\u00c4NKE<\/h6>\t\t\t\t<\/div>\n\t\t\t\t<\/div>\n\t\t\t\t<div class=\"elementor-element elementor-element-7b53cff elementor-widget elementor-widget-heading\" data-id=\"7b53cff\" data-element_type=\"widget\" data-widget_type=\"heading.default\">\n\t\t\t\t<div class=\"elementor-widget-container\">\n\t\t\t\t\t<h2 class=\"elementor-heading-title elementor-size-default\">Erleben Sie die Zweckm\u00e4\u00dfigkeit und den Stil ma\u00dfgeschneiderter Kleiderschr\u00e4nke von Home Interiors.<\/h2>\t\t\t\t<\/div>\n\t\t\t\t<\/div>\n\t\t\t\t<div class=\"elementor-element elementor-element-067e712 elementor-widget elementor-widget-text-editor\" data-id=\"067e712\" data-element_type=\"widget\" data-widget_type=\"text-editor.default\">\n\t\t\t\t<div class=\"elementor-widget-container\">\n\t\t\t\t\t\t\t\t\t<p>M\u00f6chten Sie Ihre Garderobe erneuern? Bei Home Interiors bieten wir ma\u00dfgeschneiderte Kleiderschr\u00e4nke an, die auf Ihren individuellen Stil und Ihre Bed\u00fcrfnisse zugeschnitten sind.<\/p><p>Egal, ob Sie eine elegante und moderne Garderobe oder eine traditionelle und klassische Garderobe w\u00fcnschen, unser Team aus erfahrenen Handwerkern verf\u00fcgt \u00fcber die Erfahrung und das Fachwissen, um Ihre Vision zum Leben zu erwecken. Wir verwenden nur Materialien h\u00f6chster Qualit\u00e4t und sorgen daf\u00fcr, dass unsere ma\u00dfgefertigten Schr\u00e4nke sch\u00f6n und langlebig sind. Dar\u00fcber hinaus k\u00f6nnen Sie mit einer gro\u00dfen Auswahl an ma\u00dfgeschneiderten M\u00f6beloptionen f\u00fcr jeden Raum im Haus ein harmonisches und zusammenh\u00e4ngendes Erscheinungsbild in Ihrem gesamten Zuhause schaffen.<\/p><p>Kontaktieren Sie uns noch heute, um mehr \u00fcber unsere ma\u00dfgeschneiderten Garderobenoptionen zu erfahren und mit der stilvollen Organisation Ihrer Kleidung und Accessoires zu beginnen.<\/p>\t\t\t\t\t\t\t\t<\/div>\n\t\t\t\t<\/div>\n\t\t\t\t<div class=\"elementor-element elementor-element-a9fd292 elementor-widget__width-initial elementor-widget elementor-widget-button\" data-id=\"a9fd292\" data-element_type=\"widget\" data-widget_type=\"button.default\">\n\t\t\t\t<div class=\"elementor-widget-container\">\n\t\t\t\t\t\t\t\t\t<div class=\"elementor-button-wrapper\">\n\t\t\t\t\t<a class=\"elementor-button elementor-button-link elementor-size-sm elementor-animation-float\" href=\"https:\/\/homeinterijeri.hr\/de\/kontakt\/#kontakt\">\n\t\t\t\t\t\t<span class=\"elementor-button-content-wrapper\">\n\t\t\t\t\t\t<span class=\"elementor-button-icon\">\n\t\t\t\t<i aria-hidden=\"true\" class=\"fas fa-long-arrow-alt-right\"><\/i>\t\t\t<\/span>\n\t\t\t\t\t\t\t\t\t<span class=\"elementor-button-text\">Kontaktiere uns<\/span>\n\t\t\t\t\t<\/span>\n\t\t\t\t\t<\/a>\n\t\t\t\t<\/div>\n\t\t\t\t\t\t\t\t<\/div>\n\t\t\t\t<\/div>\n\t\t\t\t<div class=\"elementor-element elementor-element-d03533f elementor-widget__width-initial elementor-hidden-mobile elementor-widget elementor-widget-button\" data-id=\"d03533f\" data-element_type=\"widget\" data-widget_type=\"button.default\">\n\t\t\t\t<div class=\"elementor-widget-container\">\n\t\t\t\t\t\t\t\t\t<div class=\"elementor-button-wrapper\">\n\t\t\t\t\t<a class=\"elementor-button elementor-button-link elementor-size-sm\" href=\"https:\/\/homeinterijeri.hr\/de\/projekte\/\">\n\t\t\t\t\t\t<span class=\"elementor-button-content-wrapper\">\n\t\t\t\t\t\t<span class=\"elementor-button-icon\">\n\t\t\t\t\t\t\t<\/span>\n\t\t\t\t\t\t\t\t\t<span class=\"elementor-button-text\">Unsere Projekte<\/span>\n\t\t\t\t\t<\/span>\n\t\t\t\t\t<\/a>\n\t\t\t\t<\/div>\n\t\t\t\t\t\t\t\t<\/div>\n\t\t\t\t<\/div>\n\t\t\t\t\t<\/div>\n\t\t<\/div>\n\t\t\t\t\t<\/div>\n\t\t<\/section>\n\t\t\t\t<section class=\"elementor-section elementor-top-section elementor-element elementor-element-7b8f8e1 elementor-section-content-middle kupaonica elementor-section-boxed elementor-section-height-default elementor-section-height-default elementor-invisible\" data-id=\"7b8f8e1\" data-element_type=\"section\" id=\"kupaonica\" data-settings=\"{&quot;animation&quot;:&quot;fadeInUp&quot;,&quot;animation_delay&quot;:100}\">\n\t\t\t\t\t\t<div class=\"elementor-container elementor-column-gap-no\">\n\t\t\t\t\t<div class=\"elementor-column elementor-col-50 elementor-top-column elementor-element elementor-element-9613175\" data-id=\"9613175\" data-element_type=\"column\">\n\t\t\t<div class=\"elementor-widget-wrap elementor-element-populated\">\n\t\t\t\t\t\t<div class=\"elementor-element elementor-element-2414766 elementor-widget__width-auto elementor-widget elementor-widget-heading\" data-id=\"2414766\" data-element_type=\"widget\" data-widget_type=\"heading.default\">\n\t\t\t\t<div class=\"elementor-widget-container\">\n\t\t\t\t\t<h6 class=\"elementor-heading-title elementor-size-default\">BADEZIMMERM\u00d6BEL<\/h6>\t\t\t\t<\/div>\n\t\t\t\t<\/div>\n\t\t\t\t<div class=\"elementor-element elementor-element-1d7285e elementor-widget elementor-widget-heading\" data-id=\"1d7285e\" data-element_type=\"widget\" data-widget_type=\"heading.default\">\n\t\t\t\t<div class=\"elementor-widget-container\">\n\t\t\t\t\t<h2 class=\"elementor-heading-title elementor-size-default\">Werten Sie Ihr Badezimmer mit ma\u00dfgeschneiderten M\u00f6beln von Home Interior auf.<\/h2>\t\t\t\t<\/div>\n\t\t\t\t<\/div>\n\t\t\t\t<div class=\"elementor-element elementor-element-0ad0a65 elementor-widget elementor-widget-text-editor\" data-id=\"0ad0a65\" data-element_type=\"widget\" data-widget_type=\"text-editor.default\">\n\t\t\t\t<div class=\"elementor-widget-container\">\n\t\t\t\t\t\t\t\t\t<p>Verleihen Sie Ihrem Badezimmer mit ma\u00dfgeschneiderten M\u00f6beln einen Hauch von Luxus. Unser Team aus erfahrenen Handwerkern kann eine gro\u00dfe Auswahl an Badezimmerm\u00f6beln herstellen, die Ihrem individuellen Stil und Ihren Bed\u00fcrfnissen entsprechen, darunter Schr\u00e4nke, Waschbecken und mehr. Ob modern oder klassisch, wir verf\u00fcgen \u00fcber die Erfahrung und das Fachwissen, um Ihre Vision zum Leben zu erwecken.<\/p><p>Wir verwenden nur die besten Materialien und das beste Know-how, um sicherzustellen, dass unsere ma\u00dfgeschneiderten Badezimmerm\u00f6bel sch\u00f6n und langlebig sind. Dar\u00fcber hinaus k\u00f6nnen Sie mit unserer gro\u00dfen Auswahl an ma\u00dfgeschneiderten M\u00f6beloptionen f\u00fcr jeden Raum im Haus ein zusammenh\u00e4ngendes und zusammenh\u00e4ngendes Erscheinungsbild in Ihrem gesamten Zuhause schaffen.<\/p><p>Kontaktieren Sie uns noch heute, um mehr \u00fcber unsere individuellen Badezimmerm\u00f6beloptionen zu erfahren und mit der Gestaltung des Badezimmers Ihrer Tr\u00e4ume zu beginnen.<\/p>\t\t\t\t\t\t\t\t<\/div>\n\t\t\t\t<\/div>\n\t\t\t\t<div class=\"elementor-element elementor-element-e189a04 elementor-widget__width-initial elementor-widget elementor-widget-button\" data-id=\"e189a04\" data-element_type=\"widget\" data-widget_type=\"button.default\">\n\t\t\t\t<div class=\"elementor-widget-container\">\n\t\t\t\t\t\t\t\t\t<div class=\"elementor-button-wrapper\">\n\t\t\t\t\t<a class=\"elementor-button elementor-button-link elementor-size-sm elementor-animation-float\" href=\"https:\/\/homeinterijeri.hr\/de\/kontakt\/#kontakt\">\n\t\t\t\t\t\t<span class=\"elementor-button-content-wrapper\">\n\t\t\t\t\t\t<span class=\"elementor-button-icon\">\n\t\t\t\t<i aria-hidden=\"true\" class=\"fas fa-long-arrow-alt-right\"><\/i>\t\t\t<\/span>\n\t\t\t\t\t\t\t\t\t<span class=\"elementor-button-text\">Kontaktiere uns<\/span>\n\t\t\t\t\t<\/span>\n\t\t\t\t\t<\/a>\n\t\t\t\t<\/div>\n\t\t\t\t\t\t\t\t<\/div>\n\t\t\t\t<\/div>\n\t\t\t\t<div class=\"elementor-element elementor-element-69853b4 elementor-widget__width-initial elementor-hidden-mobile elementor-widget elementor-widget-button\" data-id=\"69853b4\" data-element_type=\"widget\" data-widget_type=\"button.default\">\n\t\t\t\t<div class=\"elementor-widget-container\">\n\t\t\t\t\t\t\t\t\t<div class=\"elementor-button-wrapper\">\n\t\t\t\t\t<a class=\"elementor-button elementor-button-link elementor-size-sm\" href=\"https:\/\/homeinterijeri.hr\/de\/projekte\/\">\n\t\t\t\t\t\t<span class=\"elementor-button-content-wrapper\">\n\t\t\t\t\t\t<span class=\"elementor-button-icon\">\n\t\t\t\t\t\t\t<\/span>\n\t\t\t\t\t\t\t\t\t<span class=\"elementor-button-text\">Unsere Projekte<\/span>\n\t\t\t\t\t<\/span>\n\t\t\t\t\t<\/a>\n\t\t\t\t<\/div>\n\t\t\t\t\t\t\t\t<\/div>\n\t\t\t\t<\/div>\n\t\t\t\t\t<\/div>\n\t\t<\/div>\n\t\t\t\t<div class=\"elementor-column elementor-col-50 elementor-top-column elementor-element elementor-element-1544f4e\" data-id=\"1544f4e\" data-element_type=\"column\" data-settings=\"{&quot;background_background&quot;:&quot;classic&quot;,&quot;motion_fx_motion_fx_scrolling&quot;:&quot;yes&quot;,&quot;motion_fx_translateY_effect&quot;:&quot;yes&quot;,&quot;motion_fx_translateY_direction&quot;:&quot;negative&quot;,&quot;motion_fx_translateY_speed&quot;:{&quot;unit&quot;:&quot;px&quot;,&quot;size&quot;:0.6,&quot;sizes&quot;:[]},&quot;motion_fx_devices&quot;:[&quot;desktop&quot;],&quot;motion_fx_translateY_affectedRange&quot;:{&quot;unit&quot;:&quot;%&quot;,&quot;size&quot;:&quot;&quot;,&quot;sizes&quot;:{&quot;start&quot;:0,&quot;end&quot;:100}}}\">\n\t\t\t<div class=\"elementor-widget-wrap elementor-element-populated\">\n\t\t\t\t\t<div class=\"elementor-background-overlay\"><\/div>\n\t\t\t\t\t\t<div class=\"elementor-element elementor-element-66e742e elementor-widget elementor-widget-image\" data-id=\"66e742e\" data-element_type=\"widget\" data-widget_type=\"image.default\">\n\t\t\t\t<div class=\"elementor-widget-container\">\n\t\t\t\t\t\t\t\t\t\t\t\t\t\t\t<img loading=\"lazy\" decoding=\"async\" width=\"800\" height=\"600\" src=\"https:\/\/homeinterijeri.hr\/wp-content\/uploads\/2022\/12\/kupaonski-namjestaj-1.webp\" class=\"attachment-full size-full wp-image-12818\" alt=\"Inneneinrichtung, ma\u00dfgeschneiderte M\u00f6bel, M\u00f6bel, Kleiderschrank, Bar, Innenarchitektur\" srcset=\"https:\/\/homeinterijeri.hr\/wp-content\/uploads\/2022\/12\/kupaonski-namjestaj-1.webp 800w, https:\/\/homeinterijeri.hr\/wp-content\/uploads\/2022\/12\/kupaonski-namjestaj-1-300x225.webp 300w, https:\/\/homeinterijeri.hr\/wp-content\/uploads\/2022\/12\/kupaonski-namjestaj-1-768x576.webp 768w\" sizes=\"(max-width: 800px) 100vw, 800px\" \/>\t\t\t\t\t\t\t\t\t\t\t\t\t\t\t<\/div>\n\t\t\t\t<\/div>\n\t\t\t\t\t<\/div>\n\t\t<\/div>\n\t\t\t\t\t<\/div>\n\t\t<\/section>\n\t\t\t\t<section class=\"elementor-section elementor-top-section elementor-element elementor-element-cb1e305 elementor-section-content-middle vrata elementor-reverse-tablet elementor-reverse-mobile elementor-section-boxed elementor-section-height-default elementor-section-height-default elementor-invisible\" data-id=\"cb1e305\" data-element_type=\"section\" id=\"vrata\" data-settings=\"{&quot;animation&quot;:&quot;fadeInUp&quot;,&quot;animation_delay&quot;:100}\">\n\t\t\t\t\t\t<div class=\"elementor-container elementor-column-gap-no\">\n\t\t\t\t\t<div class=\"elementor-column elementor-col-50 elementor-top-column elementor-element elementor-element-e32b4e8\" data-id=\"e32b4e8\" data-element_type=\"column\" data-settings=\"{&quot;background_background&quot;:&quot;classic&quot;,&quot;motion_fx_motion_fx_scrolling&quot;:&quot;yes&quot;,&quot;motion_fx_translateY_effect&quot;:&quot;yes&quot;,&quot;motion_fx_translateY_direction&quot;:&quot;negative&quot;,&quot;motion_fx_translateY_speed&quot;:{&quot;unit&quot;:&quot;px&quot;,&quot;size&quot;:0.6,&quot;sizes&quot;:[]},&quot;motion_fx_devices&quot;:[&quot;desktop&quot;],&quot;motion_fx_translateY_affectedRange&quot;:{&quot;unit&quot;:&quot;%&quot;,&quot;size&quot;:&quot;&quot;,&quot;sizes&quot;:{&quot;start&quot;:0,&quot;end&quot;:100}}}\">\n\t\t\t<div class=\"elementor-widget-wrap elementor-element-populated\">\n\t\t\t\t\t<div class=\"elementor-background-overlay\"><\/div>\n\t\t\t\t\t\t<div class=\"elementor-element elementor-element-f379e3c elementor-widget elementor-widget-image\" data-id=\"f379e3c\" data-element_type=\"widget\" data-widget_type=\"image.default\">\n\t\t\t\t<div class=\"elementor-widget-container\">\n\t\t\t\t\t\t\t\t\t\t\t\t\t\t\t<img loading=\"lazy\" decoding=\"async\" width=\"800\" height=\"600\" src=\"https:\/\/homeinterijeri.hr\/wp-content\/uploads\/2022\/12\/Vrata-1.webp\" class=\"attachment-full size-full wp-image-12822\" alt=\"Inneneinrichtung, ma\u00dfgeschneiderte M\u00f6bel, M\u00f6bel, Kleiderschrank, Bar, Innenarchitektur\" srcset=\"https:\/\/homeinterijeri.hr\/wp-content\/uploads\/2022\/12\/Vrata-1.webp 800w, https:\/\/homeinterijeri.hr\/wp-content\/uploads\/2022\/12\/Vrata-1-300x225.webp 300w, https:\/\/homeinterijeri.hr\/wp-content\/uploads\/2022\/12\/Vrata-1-768x576.webp 768w\" sizes=\"(max-width: 800px) 100vw, 800px\" \/>\t\t\t\t\t\t\t\t\t\t\t\t\t\t\t<\/div>\n\t\t\t\t<\/div>\n\t\t\t\t\t<\/div>\n\t\t<\/div>\n\t\t\t\t<div class=\"elementor-column elementor-col-50 elementor-top-column elementor-element elementor-element-d0d1ec2\" data-id=\"d0d1ec2\" data-element_type=\"column\">\n\t\t\t<div class=\"elementor-widget-wrap elementor-element-populated\">\n\t\t\t\t\t\t<div class=\"elementor-element elementor-element-7ab8804 elementor-widget__width-auto elementor-widget elementor-widget-heading\" data-id=\"7ab8804\" data-element_type=\"widget\" data-widget_type=\"heading.default\">\n\t\t\t\t<div class=\"elementor-widget-container\">\n\t\t\t\t\t<h6 class=\"elementor-heading-title elementor-size-default\">T\u00fcr<\/h6>\t\t\t\t<\/div>\n\t\t\t\t<\/div>\n\t\t\t\t<div class=\"elementor-element elementor-element-a1f4f05 elementor-widget elementor-widget-heading\" data-id=\"a1f4f05\" data-element_type=\"widget\" data-widget_type=\"heading.default\">\n\t\t\t\t<div class=\"elementor-widget-container\">\n\t\t\t\t\t<h2 class=\"elementor-heading-title elementor-size-default\">Heben Sie Ihr Zuhause mit einer ma\u00dfgeschneiderten T\u00fcr hervor.<\/h2>\t\t\t\t<\/div>\n\t\t\t\t<\/div>\n\t\t\t\t<div class=\"elementor-element elementor-element-3e70b99 elementor-widget elementor-widget-text-editor\" data-id=\"3e70b99\" data-element_type=\"widget\" data-widget_type=\"text-editor.default\">\n\t\t\t\t<div class=\"elementor-widget-container\">\n\t\t\t\t\t\t\t\t\t<p>In unserem Sortiment an T\u00fcren aus CPL (Continuous Press Laminate) und HDF (High Density Fiberboard) stehen Ihnen insgesamt siebzehn verschiedene und moderne Dekorfolien zur Auswahl. Mit diesen Folien haben Sie die M\u00f6glichkeit, Ihre T\u00fcr individuell zu gestalten und Ihrem Zuhause eine pers\u00f6nliche Note zu verleihen. Unsere T\u00fcren werden nach den spezifischen Bed\u00fcrfnissen und Vorlieben unserer Kunden gefertigt. Wenn Sie also spezielle Anforderungen haben, k\u00f6nnen wir gemeinsam mit Ihnen eine T\u00fcr entwerfen, die perfekt zu Ihrem Stil passt.<\/p><p>Zu den von uns angebotenen Arten von Innent\u00fcren geh\u00f6ren eine Oberlichtversion, eine Version mit verschiedenen Ausschnitten im Glas, Schiebet\u00fcren, Faltt\u00fcren und Salont\u00fcren (auch \u201eCowboy\u201c-T\u00fcren genannt). Wir bieten auch T\u00fcren mit Zierleisten an, die Ihrem Raum einen Hauch von Exklusivit\u00e4t verleihen. Unsere T\u00fcren zeichnen sich au\u00dferdem durch massive, abgerundete Pfosten aus, die zu ihrem insgesamt hochwertigen Erscheinungsbild beitragen.<\/p><p>Wir sind bestrebt, den bestm\u00f6glichen Service zu bieten und die vollst\u00e4ndige Kundenzufriedenheit sicherzustellen. Wenn Sie Fragen oder W\u00fcnsche haben, k\u00f6nnen Sie uns gerne kontaktieren. Wir freuen uns darauf, gemeinsam mit Ihnen die perfekte individuelle T\u00fcr f\u00fcr Ihr Zuhause zu schaffen.<\/p>\t\t\t\t\t\t\t\t<\/div>\n\t\t\t\t<\/div>\n\t\t\t\t<div class=\"elementor-element elementor-element-6e4601a elementor-widget__width-initial elementor-widget elementor-widget-button\" data-id=\"6e4601a\" data-element_type=\"widget\" data-widget_type=\"button.default\">\n\t\t\t\t<div class=\"elementor-widget-container\">\n\t\t\t\t\t\t\t\t\t<div class=\"elementor-button-wrapper\">\n\t\t\t\t\t<a class=\"elementor-button elementor-button-link elementor-size-sm elementor-animation-float\" href=\"https:\/\/homeinterijeri.hr\/de\/kontakt\/#kontakt\">\n\t\t\t\t\t\t<span class=\"elementor-button-content-wrapper\">\n\t\t\t\t\t\t<span class=\"elementor-button-icon\">\n\t\t\t\t<i aria-hidden=\"true\" class=\"fas fa-long-arrow-alt-right\"><\/i>\t\t\t<\/span>\n\t\t\t\t\t\t\t\t\t<span class=\"elementor-button-text\">Kontaktiere uns<\/span>\n\t\t\t\t\t<\/span>\n\t\t\t\t\t<\/a>\n\t\t\t\t<\/div>\n\t\t\t\t\t\t\t\t<\/div>\n\t\t\t\t<\/div>\n\t\t\t\t<div class=\"elementor-element elementor-element-889c0b6 elementor-widget__width-initial elementor-hidden-mobile elementor-widget elementor-widget-button\" data-id=\"889c0b6\" data-element_type=\"widget\" data-widget_type=\"button.default\">\n\t\t\t\t<div class=\"elementor-widget-container\">\n\t\t\t\t\t\t\t\t\t<div class=\"elementor-button-wrapper\">\n\t\t\t\t\t<a class=\"elementor-button elementor-button-link elementor-size-sm\" href=\"https:\/\/homeinterijeri.hr\/de\/projekte\/\">\n\t\t\t\t\t\t<span class=\"elementor-button-content-wrapper\">\n\t\t\t\t\t\t<span class=\"elementor-button-icon\">\n\t\t\t\t\t\t\t<\/span>\n\t\t\t\t\t\t\t\t\t<span class=\"elementor-button-text\">Unsere Projekte<\/span>\n\t\t\t\t\t<\/span>\n\t\t\t\t\t<\/a>\n\t\t\t\t<\/div>\n\t\t\t\t\t\t\t\t<\/div>\n\t\t\t\t<\/div>\n\t\t\t\t\t<\/div>\n\t\t<\/div>\n\t\t\t\t\t<\/div>\n\t\t<\/section>\n\t\t\t\t<\/div>","protected":false},"excerpt":{"rendered":"<p>HOME INTERIORS Angebot Sehen Sie, was wir zu bieten haben Schlafzimmer K\u00fcchen Massive Kleiderschr\u00e4nke Badezimmerm\u00f6bel T\u00fcren SCHLAFZIMMER Erleben Sie den Luxus ma\u00dfgefertigter Betten. Unsere ma\u00dfgeschneiderten Schlafzimmerbetten bilden da keine Ausnahme. Ob Sie ein einfaches und funktionelles Bett oder ein luxuri\u00f6ses und verziertes Bett w\u00fcnschen, wir verf\u00fcgen \u00fcber die F\u00e4higkeiten und das Fachwissen, um Ihre Vision zum Leben zu erwecken. Wir gebrauchen [\u2026]<\/p>","protected":false},"author":2,"featured_media":12819,"parent":0,"menu_order":0,"comment_status":"closed","ping_status":"closed","template":"","meta":{"site-sidebar-layout":"no-sidebar","site-content-layout":"page-builder","ast-site-content-layout":"","site-content-style":"default","site-sidebar-style":"default","ast-global-header-display":"","ast-banner-title-visibility":"","ast-main-header-display":"","ast-hfb-above-header-display":"","ast-hfb-below-header-display":"","ast-hfb-mobile-header-display":"","site-post-title":"disabled","ast-breadcrumbs-content":"","ast-featured-img":"disabled","footer-sml-layout":"","theme-transparent-header-meta":"","adv-header-id-meta":"","stick-header-meta":"","header-above-stick-meta":"","header-main-stick-meta":"","header-below-stick-meta":"","astra-migrate-meta-layouts":"default","ast-page-background-enabled":"default","ast-page-background-meta":{"desktop":{"background-color":"","background-image":"","background-repeat":"repeat","background-position":"center center","background-size":"auto","background-attachment":"scroll","background-type":"","background-media":"","overlay-type":"","overlay-color":"","overlay-opacity":"","overlay-gradient":""},"tablet":{"background-color":"","background-image":"","background-repeat":"repeat","background-position":"center center","background-size":"auto","background-attachment":"scroll","background-type":"","background-media":"","overlay-type":"","overlay-color":"","overlay-opacity":"","overlay-gradient":""},"mobile":{"background-color":"","background-image":"","background-repeat":"repeat","background-position":"center center","background-size":"auto","background-attachment":"scroll","background-type":"","background-media":"","overlay-type":"","overlay-color":"","overlay-opacity":"","overlay-gradient":""}},"ast-content-background-meta":{"desktop":{"background-color":"var(--ast-global-color-5)","background-image":"","background-repeat":"repeat","background-position":"center center","background-size":"auto","background-attachment":"scroll","background-type":"","background-media":"","overlay-type":"","overlay-color":"","overlay-opacity":"","overlay-gradient":""},"tablet":{"background-color":"var(--ast-global-color-5)","background-image":"","background-repeat":"repeat","background-position":"center center","background-size":"auto","background-attachment":"scroll","background-type":"","background-media":"","overlay-type":"","overlay-color":"","overlay-opacity":"","overlay-gradient":""},"mobile":{"background-color":"var(--ast-global-color-5)","background-image":"","background-repeat":"repeat","background-position":"center center","background-size":"auto","background-attachment":"scroll","background-type":"","background-media":"","overlay-type":"","overlay-color":"","overlay-opacity":"","overlay-gradient":""}},"footnotes":""},"class_list":["post-11643","page","type-page","status-publish","has-post-thumbnail","hentry"],"yoast_head":"<!-- This site is optimized with the Yoast SEO plugin v25.3 - https:\/\/yoast.com\/wordpress\/plugins\/seo\/ -->\n<title>Ponuda | Home Interijeri<\/title>\n<meta name=\"description\" content=\"Na\u0161a interijer ponuda sadr\u017ei: spava\u0107e sobe, kuhinje, ormare, stolove i stolice, vrata, kupaonice i jo\u0161 mnogo toga. Home Interijeri, namje\u0161taj po mjeri\" \/>\n<meta name=\"robots\" content=\"index, follow, max-snippet:-1, max-image-preview:large, max-video-preview:-1\" \/>\n<link rel=\"canonical\" href=\"https:\/\/homeinterijeri.hr\/de\/angebot\/\" \/>\n<meta property=\"og:locale\" content=\"de_DE\" \/>\n<meta property=\"og:type\" content=\"article\" \/>\n<meta property=\"og:title\" content=\"Ponuda | Home Interijeri\" \/>\n<meta property=\"og:description\" content=\"Na\u0161a interijer ponuda sadr\u017ei: spava\u0107e sobe, kuhinje, ormare, stolove i stolice, vrata, kupaonice i jo\u0161 mnogo toga. Home Interijeri, namje\u0161taj po mjeri\" \/>\n<meta property=\"og:url\" content=\"https:\/\/homeinterijeri.hr\/de\/angebot\/\" \/>\n<meta property=\"og:site_name\" content=\"Home Interijeri\" \/>\n<meta property=\"article:publisher\" content=\"https:\/\/www.facebook.com\/homeinterijerisibenik\" \/>\n<meta property=\"article:modified_time\" content=\"2023-08-22T15:22:51+00:00\" \/>\n<meta property=\"og:image\" content=\"https:\/\/homeinterijeri.hr\/wp-content\/uploads\/2022\/12\/ormari-1.webp\" \/>\n\t<meta property=\"og:image:width\" content=\"800\" \/>\n\t<meta property=\"og:image:height\" content=\"600\" \/>\n\t<meta property=\"og:image:type\" content=\"image\/webp\" \/>\n<meta name=\"twitter:card\" content=\"summary_large_image\" \/>\n<meta name=\"twitter:label1\" content=\"Gesch\u00e4tzte Lesezeit\" \/>\n\t<meta name=\"twitter:data1\" content=\"7\u00a0Minuten\" \/>\n<script type=\"application\/ld+json\" class=\"yoast-schema-graph\">{\"@context\":\"https:\/\/schema.org\",\"@graph\":[{\"@type\":[\"WebPage\",\"CollectionPage\"],\"@id\":\"https:\/\/homeinterijeri.hr\/de\/angebot\/\",\"url\":\"https:\/\/homeinterijeri.hr\/de\/angebot\/\",\"name\":\"Ponuda | Home Interijeri\",\"isPartOf\":{\"@id\":\"https:\/\/homeinterijeri.hr\/#website\"},\"primaryImageOfPage\":{\"@id\":\"https:\/\/homeinterijeri.hr\/de\/angebot\/#primaryimage\"},\"image\":{\"@id\":\"https:\/\/homeinterijeri.hr\/de\/angebot\/#primaryimage\"},\"thumbnailUrl\":\"https:\/\/homeinterijeri.hr\/wp-content\/uploads\/2022\/12\/ormari-1.webp\",\"datePublished\":\"2022-12-15T23:23:33+00:00\",\"dateModified\":\"2023-08-22T15:22:51+00:00\",\"description\":\"Na\u0161a interijer ponuda sadr\u017ei: spava\u0107e sobe, kuhinje, ormare, stolove i stolice, vrata, kupaonice i jo\u0161 mnogo toga. Home Interijeri, namje\u0161taj po mjeri\",\"breadcrumb\":{\"@id\":\"https:\/\/homeinterijeri.hr\/de\/angebot\/#breadcrumb\"},\"inLanguage\":\"de\"},{\"@type\":\"ImageObject\",\"inLanguage\":\"de\",\"@id\":\"https:\/\/homeinterijeri.hr\/de\/angebot\/#primaryimage\",\"url\":\"https:\/\/homeinterijeri.hr\/wp-content\/uploads\/2022\/12\/ormari-1.webp\",\"contentUrl\":\"https:\/\/homeinterijeri.hr\/wp-content\/uploads\/2022\/12\/ormari-1.webp\",\"width\":800,\"height\":600,\"caption\":\"Home Interijeri, Namje\u0161taj po mjeri, Namje\u0161taj, Ormar, \u0160ank, Dizajn Interijera\"},{\"@type\":\"BreadcrumbList\",\"@id\":\"https:\/\/homeinterijeri.hr\/de\/angebot\/#breadcrumb\",\"itemListElement\":[{\"@type\":\"ListItem\",\"position\":1,\"name\":\"Po\u010detna stranica\",\"item\":\"https:\/\/homeinterijeri.hr\/\"},{\"@type\":\"ListItem\",\"position\":2,\"name\":\"Ponuda\"}]},{\"@type\":\"WebSite\",\"@id\":\"https:\/\/homeinterijeri.hr\/#website\",\"url\":\"https:\/\/homeinterijeri.hr\/\",\"name\":\"Home Interijeri\",\"description\":\"Izrada namje\u0161taja po mjeri\",\"publisher\":{\"@id\":\"https:\/\/homeinterijeri.hr\/#organization\"},\"alternateName\":\"Interijeri Home\",\"potentialAction\":[{\"@type\":\"SearchAction\",\"target\":{\"@type\":\"EntryPoint\",\"urlTemplate\":\"https:\/\/homeinterijeri.hr\/?s={search_term_string}\"},\"query-input\":{\"@type\":\"PropertyValueSpecification\",\"valueRequired\":true,\"valueName\":\"search_term_string\"}}],\"inLanguage\":\"de\"},{\"@type\":\"Organization\",\"@id\":\"https:\/\/homeinterijeri.hr\/#organization\",\"name\":\"Home Interijeri | Izrada Namje\u0161taja Po Mjeri\",\"alternateName\":\"Home Interijeri | Izrada Namje\u0161taja Po Mjeri\",\"url\":\"https:\/\/homeinterijeri.hr\/\",\"logo\":{\"@type\":\"ImageObject\",\"inLanguage\":\"de\",\"@id\":\"https:\/\/homeinterijeri.hr\/#\/schema\/logo\/image\/\",\"url\":\"https:\/\/homeinterijeri.hr\/wp-content\/uploads\/2022\/12\/Bijeli-Logo.png\",\"contentUrl\":\"https:\/\/homeinterijeri.hr\/wp-content\/uploads\/2022\/12\/Bijeli-Logo.png\",\"width\":1000,\"height\":1000,\"caption\":\"Home Interijeri | Izrada Namje\u0161taja Po Mjeri\"},\"image\":{\"@id\":\"https:\/\/homeinterijeri.hr\/#\/schema\/logo\/image\/\"},\"sameAs\":[\"https:\/\/www.facebook.com\/homeinterijerisibenik\",\"https:\/\/instagram.com\/home_interijeri\"]}]}<\/script>\n<!-- \/ Yoast SEO plugin. -->","yoast_head_json":{"title":"Ponuda | Home Interijeri","description":"Na\u0161a interijer ponuda sadr\u017ei: spava\u0107e sobe, kuhinje, ormare, stolove i stolice, vrata, kupaonice i jo\u0161 mnogo toga. Home Interijeri, namje\u0161taj po mjeri","robots":{"index":"index","follow":"follow","max-snippet":"max-snippet:-1","max-image-preview":"max-image-preview:large","max-video-preview":"max-video-preview:-1"},"canonical":"https:\/\/homeinterijeri.hr\/de\/angebot\/","og_locale":"de_DE","og_type":"article","og_title":"Ponuda | Home Interijeri","og_description":"Na\u0161a interijer ponuda sadr\u017ei: spava\u0107e sobe, kuhinje, ormare, stolove i stolice, vrata, kupaonice i jo\u0161 mnogo toga. Home Interijeri, namje\u0161taj po mjeri","og_url":"https:\/\/homeinterijeri.hr\/de\/angebot\/","og_site_name":"Home Interijeri","article_publisher":"https:\/\/www.facebook.com\/homeinterijerisibenik","article_modified_time":"2023-08-22T15:22:51+00:00","og_image":[{"width":800,"height":600,"url":"https:\/\/homeinterijeri.hr\/wp-content\/uploads\/2022\/12\/ormari-1.webp","type":"image\/webp"}],"twitter_card":"summary_large_image","twitter_misc":{"Gesch\u00e4tzte Lesezeit":"7\u00a0Minuten"},"schema":{"@context":"https:\/\/schema.org","@graph":[{"@type":["WebPage","CollectionPage"],"@id":"https:\/\/homeinterijeri.hr\/de\/angebot\/","url":"https:\/\/homeinterijeri.hr\/de\/angebot\/","name":"Ponuda | Home Interijeri","isPartOf":{"@id":"https:\/\/homeinterijeri.hr\/#website"},"primaryImageOfPage":{"@id":"https:\/\/homeinterijeri.hr\/de\/angebot\/#primaryimage"},"image":{"@id":"https:\/\/homeinterijeri.hr\/de\/angebot\/#primaryimage"},"thumbnailUrl":"https:\/\/homeinterijeri.hr\/wp-content\/uploads\/2022\/12\/ormari-1.webp","datePublished":"2022-12-15T23:23:33+00:00","dateModified":"2023-08-22T15:22:51+00:00","description":"Na\u0161a interijer ponuda sadr\u017ei: spava\u0107e sobe, kuhinje, ormare, stolove i stolice, vrata, kupaonice i jo\u0161 mnogo toga. Home Interijeri, namje\u0161taj po mjeri","breadcrumb":{"@id":"https:\/\/homeinterijeri.hr\/de\/angebot\/#breadcrumb"},"inLanguage":"de"},{"@type":"ImageObject","inLanguage":"de","@id":"https:\/\/homeinterijeri.hr\/de\/angebot\/#primaryimage","url":"https:\/\/homeinterijeri.hr\/wp-content\/uploads\/2022\/12\/ormari-1.webp","contentUrl":"https:\/\/homeinterijeri.hr\/wp-content\/uploads\/2022\/12\/ormari-1.webp","width":800,"height":600,"caption":"Home Interijeri, Namje\u0161taj po mjeri, Namje\u0161taj, Ormar, \u0160ank, Dizajn Interijera"},{"@type":"BreadcrumbList","@id":"https:\/\/homeinterijeri.hr\/de\/angebot\/#breadcrumb","itemListElement":[{"@type":"ListItem","position":1,"name":"Po\u010detna stranica","item":"https:\/\/homeinterijeri.hr\/"},{"@type":"ListItem","position":2,"name":"Ponuda"}]},{"@type":"WebSite","@id":"https:\/\/homeinterijeri.hr\/#website","url":"https:\/\/homeinterijeri.hr\/","name":"Home Interijeri","description":"Izrada namje\u0161taja po mjeri","publisher":{"@id":"https:\/\/homeinterijeri.hr\/#organization"},"alternateName":"Interijeri Home","potentialAction":[{"@type":"SearchAction","target":{"@type":"EntryPoint","urlTemplate":"https:\/\/homeinterijeri.hr\/?s={search_term_string}"},"query-input":{"@type":"PropertyValueSpecification","valueRequired":true,"valueName":"search_term_string"}}],"inLanguage":"de"},{"@type":"Organization","@id":"https:\/\/homeinterijeri.hr\/#organization","name":"Home Interijeri | Izrada Namje\u0161taja Po Mjeri","alternateName":"Home Interijeri | Izrada Namje\u0161taja Po Mjeri","url":"https:\/\/homeinterijeri.hr\/","logo":{"@type":"ImageObject","inLanguage":"de","@id":"https:\/\/homeinterijeri.hr\/#\/schema\/logo\/image\/","url":"https:\/\/homeinterijeri.hr\/wp-content\/uploads\/2022\/12\/Bijeli-Logo.png","contentUrl":"https:\/\/homeinterijeri.hr\/wp-content\/uploads\/2022\/12\/Bijeli-Logo.png","width":1000,"height":1000,"caption":"Home Interijeri | Izrada Namje\u0161taja Po Mjeri"},"image":{"@id":"https:\/\/homeinterijeri.hr\/#\/schema\/logo\/image\/"},"sameAs":["https:\/\/www.facebook.com\/homeinterijerisibenik","https:\/\/instagram.com\/home_interijeri"]}]}},"_links":{"self":[{"href":"https:\/\/homeinterijeri.hr\/de\/wp-json\/wp\/v2\/pages\/11643","targetHints":{"allow":["GET"]}}],"collection":[{"href":"https:\/\/homeinterijeri.hr\/de\/wp-json\/wp\/v2\/pages"}],"about":[{"href":"https:\/\/homeinterijeri.hr\/de\/wp-json\/wp\/v2\/types\/page"}],"author":[{"embeddable":true,"href":"https:\/\/homeinterijeri.hr\/de\/wp-json\/wp\/v2\/users\/2"}],"replies":[{"embeddable":true,"href":"https:\/\/homeinterijeri.hr\/de\/wp-json\/wp\/v2\/comments?post=11643"}],"version-history":[{"count":0,"href":"https:\/\/homeinterijeri.hr\/de\/wp-json\/wp\/v2\/pages\/11643\/revisions"}],"wp:featuredmedia":[{"embeddable":true,"href":"https:\/\/homeinterijeri.hr\/de\/wp-json\/wp\/v2\/media\/12819"}],"wp:attachment":[{"href":"https:\/\/homeinterijeri.hr\/de\/wp-json\/wp\/v2\/media?parent=11643"}],"curies":[{"name":"wp","href":"https:\/\/api.w.org\/{rel}","templated":true}]}}