{"id":16,"date":"2018-10-04T07:26:35","date_gmt":"2018-10-04T05:26:35","guid":{"rendered":"http:\/\/homeinterijeri-hr.preview-domain.com\/testimonials\/"},"modified":"2023-08-23T00:54:40","modified_gmt":"2023-08-22T22:54:40","slug":"projekti","status":"publish","type":"page","link":"https:\/\/homeinterijeri.hr\/de\/projekte\/","title":{"rendered":"Projekte"},"content":{"rendered":"<div data-elementor-type=\"wp-post\" data-elementor-id=\"16\" class=\"elementor elementor-16\" data-elementor-post-type=\"page\">\n\t\t\t\t\t\t<section class=\"elementor-section elementor-top-section elementor-element elementor-element-27ab4450 elementor-section-boxed elementor-section-height-default elementor-section-height-default\" data-id=\"27ab4450\" data-element_type=\"section\" data-settings=\"{&quot;background_background&quot;:&quot;classic&quot;}\">\n\t\t\t\t\t\t\t<div class=\"elementor-background-overlay\"><\/div>\n\t\t\t\t\t\t\t<div class=\"elementor-container elementor-column-gap-no\">\n\t\t\t\t\t<div class=\"elementor-column elementor-col-100 elementor-top-column elementor-element elementor-element-4e7a75a1 elementor-invisible\" data-id=\"4e7a75a1\" data-element_type=\"column\" data-settings=\"{&quot;animation&quot;:&quot;fadeIn&quot;}\">\n\t\t\t<div class=\"elementor-widget-wrap elementor-element-populated\">\n\t\t\t\t\t\t<div class=\"elementor-element elementor-element-48689189 elementor-widget elementor-widget-heading\" data-id=\"48689189\" data-element_type=\"widget\" data-widget_type=\"heading.default\">\n\t\t\t\t<div class=\"elementor-widget-container\">\n\t\t\t\t\t<h6 class=\"elementor-heading-title elementor-size-default\">HOME INTERIJERI<\/h6>\t\t\t\t<\/div>\n\t\t\t\t<\/div>\n\t\t\t\t<div class=\"elementor-element elementor-element-6b79298d elementor-widget elementor-widget-heading\" data-id=\"6b79298d\" data-element_type=\"widget\" data-widget_type=\"heading.default\">\n\t\t\t\t<div class=\"elementor-widget-container\">\n\t\t\t\t\t<h1 class=\"elementor-heading-title elementor-size-default\">Projekte<\/h1>\t\t\t\t<\/div>\n\t\t\t\t<\/div>\n\t\t\t\t<div class=\"elementor-element elementor-element-54ea82f0 elementor-widget elementor-widget-heading\" data-id=\"54ea82f0\" data-element_type=\"widget\" data-widget_type=\"heading.default\">\n\t\t\t\t<div class=\"elementor-widget-container\">\n\t\t\t\t\t<h3 class=\"elementor-heading-title elementor-size-default\">Schauen Sie sich alle Projekte an, die wir durchgef\u00fchrt haben<\/h3>\t\t\t\t<\/div>\n\t\t\t\t<\/div>\n\t\t\t\t\t<\/div>\n\t\t<\/div>\n\t\t\t\t\t<\/div>\n\t\t<\/section>\n\t\t\t\t<section class=\"elementor-section elementor-top-section elementor-element elementor-element-2716e92 elementor-section-boxed elementor-section-height-default elementor-section-height-default elementor-invisible\" data-id=\"2716e92\" data-element_type=\"section\" data-settings=\"{&quot;animation&quot;:&quot;fadeIn&quot;}\">\n\t\t\t\t\t\t<div class=\"elementor-container elementor-column-gap-default\">\n\t\t\t\t\t<div class=\"elementor-column elementor-col-100 elementor-top-column elementor-element elementor-element-fd28b9b\" data-id=\"fd28b9b\" data-element_type=\"column\">\n\t\t\t<div class=\"elementor-widget-wrap elementor-element-populated\">\n\t\t\t\t\t\t<div class=\"elementor-element elementor-element-6005ea0 elementor-grid-3 elementor-grid-tablet-2 elementor-grid-mobile-1 elementor-posts--thumbnail-top elementor-card-shadow-yes elementor-posts__hover-gradient elementor-widget elementor-widget-posts\" data-id=\"6005ea0\" data-element_type=\"widget\" data-settings=\"{&quot;cards_columns&quot;:&quot;3&quot;,&quot;cards_columns_tablet&quot;:&quot;2&quot;,&quot;cards_columns_mobile&quot;:&quot;1&quot;,&quot;cards_row_gap&quot;:{&quot;unit&quot;:&quot;px&quot;,&quot;size&quot;:35,&quot;sizes&quot;:[]},&quot;cards_row_gap_laptop&quot;:{&quot;unit&quot;:&quot;px&quot;,&quot;size&quot;:&quot;&quot;,&quot;sizes&quot;:[]},&quot;cards_row_gap_tablet&quot;:{&quot;unit&quot;:&quot;px&quot;,&quot;size&quot;:&quot;&quot;,&quot;sizes&quot;:[]},&quot;cards_row_gap_mobile&quot;:{&quot;unit&quot;:&quot;px&quot;,&quot;size&quot;:&quot;&quot;,&quot;sizes&quot;:[]}}\" data-widget_type=\"posts.cards\">\n\t\t\t\t<div class=\"elementor-widget-container\">\n\t\t\t\t\t\t\t<div class=\"elementor-posts-container elementor-posts elementor-posts--skin-cards elementor-grid\">\n\t\t\t\t<article class=\"elementor-post elementor-grid-item post-14335 post type-post status-publish format-standard has-post-thumbnail hentry category-interijer tag-po-mjeri\">\n\t\t\t<div class=\"elementor-post__card\">\n\t\t\t\t<a class=\"elementor-post__thumbnail__link\" href=\"https:\/\/homeinterijeri.hr\/de\/kleiderschrank-in-mattweiser-farbe\/\" tabindex=\"-1\" ><div class=\"elementor-post__thumbnail\"><img fetchpriority=\"high\" decoding=\"async\" width=\"1080\" height=\"1350\" src=\"https:\/\/homeinterijeri.hr\/wp-content\/uploads\/2023\/12\/69.jpg\" class=\"attachment-full size-full wp-image-14340\" alt=\"\" srcset=\"https:\/\/homeinterijeri.hr\/wp-content\/uploads\/2023\/12\/69.jpg 1080w, https:\/\/homeinterijeri.hr\/wp-content\/uploads\/2023\/12\/69-240x300.jpg 240w, https:\/\/homeinterijeri.hr\/wp-content\/uploads\/2023\/12\/69-819x1024.jpg 819w, https:\/\/homeinterijeri.hr\/wp-content\/uploads\/2023\/12\/69-768x960.jpg 768w, https:\/\/homeinterijeri.hr\/wp-content\/uploads\/2023\/12\/69-10x12.jpg 10w\" sizes=\"(max-width: 1080px) 100vw, 1080px\" \/><\/div><\/a>\n\t\t\t\t<div class=\"elementor-post__text\">\n\t\t\t\t<h3 class=\"elementor-post__title\">\n\t\t\t<a href=\"https:\/\/homeinterijeri.hr\/de\/kleiderschrank-in-mattweiser-farbe\/\" >\n\t\t\t\tKleiderschrank in mattwei\u00dfer Farbe\t\t\t<\/a>\n\t\t<\/h3>\n\t\t\n\t\t<a class=\"elementor-post__read-more\" href=\"https:\/\/homeinterijeri.hr\/de\/kleiderschrank-in-mattweiser-farbe\/\" aria-label=\"Mehr \u00fcber Ormar u mat bijeloj boji\" tabindex=\"-1\" >\n\t\t\tFinde mehr heraus &quot;\t\t<\/a>\n\n\t\t\t\t<\/div>\n\t\t\t\t\t<\/div>\n\t\t<\/article>\n\t\t\t\t<article class=\"elementor-post elementor-grid-item post-14322 post type-post status-publish format-standard has-post-thumbnail hentry category-interijer tag-po-mjeri\">\n\t\t\t<div class=\"elementor-post__card\">\n\t\t\t\t<a class=\"elementor-post__thumbnail__link\" href=\"https:\/\/homeinterijeri.hr\/de\/grau\/\" tabindex=\"-1\" ><div class=\"elementor-post__thumbnail\"><img decoding=\"async\" width=\"2560\" height=\"1920\" src=\"https:\/\/homeinterijeri.hr\/wp-content\/uploads\/2023\/05\/DSCF1259-scaled.webp\" class=\"attachment-full size-full wp-image-13987\" alt=\"\" srcset=\"https:\/\/homeinterijeri.hr\/wp-content\/uploads\/2023\/05\/DSCF1259-scaled.webp 2560w, https:\/\/homeinterijeri.hr\/wp-content\/uploads\/2023\/05\/DSCF1259-300x225.webp 300w, https:\/\/homeinterijeri.hr\/wp-content\/uploads\/2023\/05\/DSCF1259-1024x768.webp 1024w, https:\/\/homeinterijeri.hr\/wp-content\/uploads\/2023\/05\/DSCF1259-768x576.webp 768w, https:\/\/homeinterijeri.hr\/wp-content\/uploads\/2023\/05\/DSCF1259-1536x1152.webp 1536w, https:\/\/homeinterijeri.hr\/wp-content\/uploads\/2023\/05\/DSCF1259-2048x1536.webp 2048w, https:\/\/homeinterijeri.hr\/wp-content\/uploads\/2023\/05\/DSCF1259-16x12.webp 16w\" sizes=\"(max-width: 2560px) 100vw, 2560px\" \/><\/div><\/a>\n\t\t\t\t<div class=\"elementor-post__text\">\n\t\t\t\t<h3 class=\"elementor-post__title\">\n\t\t\t<a href=\"https:\/\/homeinterijeri.hr\/de\/grau\/\" >\n\t\t\t\tGrau\t\t\t<\/a>\n\t\t<\/h3>\n\t\t\n\t\t<a class=\"elementor-post__read-more\" href=\"https:\/\/homeinterijeri.hr\/de\/grau\/\" aria-label=\"Mehr \u00fcber Grey\" tabindex=\"-1\" >\n\t\t\tFinde mehr heraus &quot;\t\t<\/a>\n\n\t\t\t\t<\/div>\n\t\t\t\t\t<\/div>\n\t\t<\/article>\n\t\t\t\t<article class=\"elementor-post elementor-grid-item post-14204 post type-post status-publish format-standard has-post-thumbnail hentry category-interijer tag-po-mjeri\">\n\t\t\t<div class=\"elementor-post__card\">\n\t\t\t\t<a class=\"elementor-post__thumbnail__link\" href=\"https:\/\/homeinterijeri.hr\/de\/kloster-korcula\/\" tabindex=\"-1\" ><div class=\"elementor-post__thumbnail\"><img decoding=\"async\" width=\"2560\" height=\"1440\" src=\"https:\/\/homeinterijeri.hr\/wp-content\/uploads\/2023\/09\/20230915_104541-scaled.webp\" class=\"attachment-full size-full wp-image-14246\" alt=\"\" srcset=\"https:\/\/homeinterijeri.hr\/wp-content\/uploads\/2023\/09\/20230915_104541-scaled.webp 2560w, https:\/\/homeinterijeri.hr\/wp-content\/uploads\/2023\/09\/20230915_104541-300x169.webp 300w, https:\/\/homeinterijeri.hr\/wp-content\/uploads\/2023\/09\/20230915_104541-1024x576.webp 1024w, https:\/\/homeinterijeri.hr\/wp-content\/uploads\/2023\/09\/20230915_104541-768x432.webp 768w, https:\/\/homeinterijeri.hr\/wp-content\/uploads\/2023\/09\/20230915_104541-1536x864.webp 1536w, https:\/\/homeinterijeri.hr\/wp-content\/uploads\/2023\/09\/20230915_104541-2048x1152.webp 2048w, https:\/\/homeinterijeri.hr\/wp-content\/uploads\/2023\/09\/20230915_104541-18x10.webp 18w\" sizes=\"(max-width: 2560px) 100vw, 2560px\" \/><\/div><\/a>\n\t\t\t\t<div class=\"elementor-post__text\">\n\t\t\t\t<h3 class=\"elementor-post__title\">\n\t\t\t<a href=\"https:\/\/homeinterijeri.hr\/de\/kloster-korcula\/\" >\n\t\t\t\tKloster Kor\u010dula\t\t\t<\/a>\n\t\t<\/h3>\n\t\t\n\t\t<a class=\"elementor-post__read-more\" href=\"https:\/\/homeinterijeri.hr\/de\/kloster-korcula\/\" aria-label=\"Mehr \u00fcber Samostan Kor\u010dula\" tabindex=\"-1\" >\n\t\t\tFinde mehr heraus &quot;\t\t<\/a>\n\n\t\t\t\t<\/div>\n\t\t\t\t\t<\/div>\n\t\t<\/article>\n\t\t\t\t<article class=\"elementor-post elementor-grid-item post-14162 post type-post status-publish format-standard has-post-thumbnail hentry category-interijer tag-po-mjeri\">\n\t\t\t<div class=\"elementor-post__card\">\n\t\t\t\t<a class=\"elementor-post__thumbnail__link\" href=\"https:\/\/homeinterijeri.hr\/de\/moderne-eleganz\/\" tabindex=\"-1\" ><div class=\"elementor-post__thumbnail\"><img loading=\"lazy\" decoding=\"async\" width=\"1920\" height=\"2560\" src=\"https:\/\/homeinterijeri.hr\/wp-content\/uploads\/2023\/05\/DSCF1306-scaled-e1684173173375.webp\" class=\"attachment-full size-full wp-image-14034\" alt=\"\" srcset=\"https:\/\/homeinterijeri.hr\/wp-content\/uploads\/2023\/05\/DSCF1306-scaled-e1684173173375.webp 1920w, https:\/\/homeinterijeri.hr\/wp-content\/uploads\/2023\/05\/DSCF1306-scaled-e1684173173375-225x300.webp 225w, https:\/\/homeinterijeri.hr\/wp-content\/uploads\/2023\/05\/DSCF1306-scaled-e1684173173375-768x1024.webp 768w, https:\/\/homeinterijeri.hr\/wp-content\/uploads\/2023\/05\/DSCF1306-scaled-e1684173173375-1152x1536.webp 1152w, https:\/\/homeinterijeri.hr\/wp-content\/uploads\/2023\/05\/DSCF1306-scaled-e1684173173375-1536x2048.webp 1536w, https:\/\/homeinterijeri.hr\/wp-content\/uploads\/2023\/05\/DSCF1306-scaled-e1684173173375-9x12.webp 9w\" sizes=\"(max-width: 1920px) 100vw, 1920px\" \/><\/div><\/a>\n\t\t\t\t<div class=\"elementor-post__text\">\n\t\t\t\t<h3 class=\"elementor-post__title\">\n\t\t\t<a href=\"https:\/\/homeinterijeri.hr\/de\/moderne-eleganz\/\" >\n\t\t\t\tModerne Eleganz\t\t\t<\/a>\n\t\t<\/h3>\n\t\t\n\t\t<a class=\"elementor-post__read-more\" href=\"https:\/\/homeinterijeri.hr\/de\/moderne-eleganz\/\" aria-label=\"Mehr \u00fcber Moderna Elegancija\" tabindex=\"-1\" >\n\t\t\tFinde mehr heraus &quot;\t\t<\/a>\n\n\t\t\t\t<\/div>\n\t\t\t\t\t<\/div>\n\t\t<\/article>\n\t\t\t\t<article class=\"elementor-post elementor-grid-item post-14156 post type-post status-publish format-standard has-post-thumbnail hentry category-interijer tag-po-mjeri\">\n\t\t\t<div class=\"elementor-post__card\">\n\t\t\t\t<a class=\"elementor-post__thumbnail__link\" href=\"https:\/\/homeinterijeri.hr\/de\/pergolen\/\" tabindex=\"-1\" ><div class=\"elementor-post__thumbnail\"><img loading=\"lazy\" decoding=\"async\" width=\"2560\" height=\"1920\" src=\"https:\/\/homeinterijeri.hr\/wp-content\/uploads\/2023\/05\/DSCF1327-scaled.webp\" class=\"attachment-full size-full wp-image-14055\" alt=\"\" srcset=\"https:\/\/homeinterijeri.hr\/wp-content\/uploads\/2023\/05\/DSCF1327-scaled.webp 2560w, https:\/\/homeinterijeri.hr\/wp-content\/uploads\/2023\/05\/DSCF1327-300x225.webp 300w, https:\/\/homeinterijeri.hr\/wp-content\/uploads\/2023\/05\/DSCF1327-1024x768.webp 1024w, https:\/\/homeinterijeri.hr\/wp-content\/uploads\/2023\/05\/DSCF1327-768x576.webp 768w, https:\/\/homeinterijeri.hr\/wp-content\/uploads\/2023\/05\/DSCF1327-1536x1152.webp 1536w, https:\/\/homeinterijeri.hr\/wp-content\/uploads\/2023\/05\/DSCF1327-2048x1536.webp 2048w, https:\/\/homeinterijeri.hr\/wp-content\/uploads\/2023\/05\/DSCF1327-16x12.webp 16w\" sizes=\"(max-width: 2560px) 100vw, 2560px\" \/><\/div><\/a>\n\t\t\t\t<div class=\"elementor-post__text\">\n\t\t\t\t<h3 class=\"elementor-post__title\">\n\t\t\t<a href=\"https:\/\/homeinterijeri.hr\/de\/pergolen\/\" >\n\t\t\t\tPergolen\t\t\t<\/a>\n\t\t<\/h3>\n\t\t\n\t\t<a class=\"elementor-post__read-more\" href=\"https:\/\/homeinterijeri.hr\/de\/pergolen\/\" aria-label=\"Mehr \u00fcber Pergole\" tabindex=\"-1\" >\n\t\t\tFinde mehr heraus &quot;\t\t<\/a>\n\n\t\t\t\t<\/div>\n\t\t\t\t\t<\/div>\n\t\t<\/article>\n\t\t\t\t<article class=\"elementor-post elementor-grid-item post-13551 post type-post status-publish format-standard has-post-thumbnail hentry category-interijer category-kuhinje tag-po-mjeri\">\n\t\t\t<div class=\"elementor-post__card\">\n\t\t\t\t<a class=\"elementor-post__thumbnail__link\" href=\"https:\/\/homeinterijeri.hr\/de\/objekt-im-kasic\/\" tabindex=\"-1\" ><div class=\"elementor-post__thumbnail\"><img loading=\"lazy\" decoding=\"async\" width=\"800\" height=\"800\" src=\"https:\/\/homeinterijeri.hr\/wp-content\/uploads\/2023\/03\/12.webp\" class=\"attachment-full size-full wp-image-13564\" alt=\"Inneneinrichtung, ma\u00dfgefertigte M\u00f6bel, M\u00f6bel, Kleiderschrank, Bar, Innenarchitektur, \u0160ibenik, M\u00f6belherstellung\" srcset=\"https:\/\/homeinterijeri.hr\/wp-content\/uploads\/2023\/03\/12.webp 800w, https:\/\/homeinterijeri.hr\/wp-content\/uploads\/2023\/03\/12-300x300.webp 300w, https:\/\/homeinterijeri.hr\/wp-content\/uploads\/2023\/03\/12-150x150.webp 150w, https:\/\/homeinterijeri.hr\/wp-content\/uploads\/2023\/03\/12-768x768.webp 768w, https:\/\/homeinterijeri.hr\/wp-content\/uploads\/2023\/03\/12-12x12.webp 12w\" sizes=\"(max-width: 800px) 100vw, 800px\" \/><\/div><\/a>\n\t\t\t\t<div class=\"elementor-post__text\">\n\t\t\t\t<h3 class=\"elementor-post__title\">\n\t\t\t<a href=\"https:\/\/homeinterijeri.hr\/de\/objekt-im-kasic\/\" >\n\t\t\t\tObjekt in Ka\u0161i\u0107\t\t\t<\/a>\n\t\t<\/h3>\n\t\t\n\t\t<a class=\"elementor-post__read-more\" href=\"https:\/\/homeinterijeri.hr\/de\/objekt-im-kasic\/\" aria-label=\"Mehr \u00fcber Objekt u Ka\u0161i\u0107u\" tabindex=\"-1\" >\n\t\t\tFinde mehr heraus &quot;\t\t<\/a>\n\n\t\t\t\t<\/div>\n\t\t\t\t\t<\/div>\n\t\t<\/article>\n\t\t\t\t<article class=\"elementor-post elementor-grid-item post-12694 post type-post status-publish format-standard has-post-thumbnail hentry category-interijer category-moderno tag-drvo tag-po-mjeri\">\n\t\t\t<div class=\"elementor-post__card\">\n\t\t\t\t<a class=\"elementor-post__thumbnail__link\" href=\"https:\/\/homeinterijeri.hr\/de\/urban\/\" tabindex=\"-1\" ><div class=\"elementor-post__thumbnail\"><img loading=\"lazy\" decoding=\"async\" width=\"800\" height=\"800\" src=\"https:\/\/homeinterijeri.hr\/wp-content\/uploads\/2022\/12\/2-6.webp\" class=\"attachment-full size-full wp-image-12361\" alt=\"Inneneinrichtung, ma\u00dfgeschneiderte M\u00f6bel, M\u00f6bel, Kleiderschrank, Bar, Innenarchitektur\" srcset=\"https:\/\/homeinterijeri.hr\/wp-content\/uploads\/2022\/12\/2-6.webp 800w, https:\/\/homeinterijeri.hr\/wp-content\/uploads\/2022\/12\/2-6-100x100.webp 100w, https:\/\/homeinterijeri.hr\/wp-content\/uploads\/2022\/12\/2-6-300x300.webp 300w, https:\/\/homeinterijeri.hr\/wp-content\/uploads\/2022\/12\/2-6-150x150.webp 150w, https:\/\/homeinterijeri.hr\/wp-content\/uploads\/2022\/12\/2-6-768x768.webp 768w\" sizes=\"(max-width: 800px) 100vw, 800px\" \/><\/div><\/a>\n\t\t\t\t<div class=\"elementor-post__text\">\n\t\t\t\t<h3 class=\"elementor-post__title\">\n\t\t\t<a href=\"https:\/\/homeinterijeri.hr\/de\/urban\/\" >\n\t\t\t\tUrban\t\t\t<\/a>\n\t\t<\/h3>\n\t\t\n\t\t<a class=\"elementor-post__read-more\" href=\"https:\/\/homeinterijeri.hr\/de\/urban\/\" aria-label=\"Mehr \u00fcber Urban\" tabindex=\"-1\" >\n\t\t\tFinde mehr heraus &quot;\t\t<\/a>\n\n\t\t\t\t<\/div>\n\t\t\t\t\t<\/div>\n\t\t<\/article>\n\t\t\t\t<article class=\"elementor-post elementor-grid-item post-12669 post type-post status-publish format-standard has-post-thumbnail hentry category-interijer category-kuhinje tag-bijela tag-po-mjeri\">\n\t\t\t<div class=\"elementor-post__card\">\n\t\t\t\t<a class=\"elementor-post__thumbnail__link\" href=\"https:\/\/homeinterijeri.hr\/de\/weis\/\" tabindex=\"-1\" ><div class=\"elementor-post__thumbnail\"><img loading=\"lazy\" decoding=\"async\" width=\"800\" height=\"800\" src=\"https:\/\/homeinterijeri.hr\/wp-content\/uploads\/2022\/12\/9-4.webp\" class=\"attachment-full size-full wp-image-12355\" alt=\"Inneneinrichtung, ma\u00dfgeschneiderte M\u00f6bel, M\u00f6bel, Kleiderschrank, Bar, Innenarchitektur\" srcset=\"https:\/\/homeinterijeri.hr\/wp-content\/uploads\/2022\/12\/9-4.webp 800w, https:\/\/homeinterijeri.hr\/wp-content\/uploads\/2022\/12\/9-4-100x100.webp 100w, https:\/\/homeinterijeri.hr\/wp-content\/uploads\/2022\/12\/9-4-300x300.webp 300w, https:\/\/homeinterijeri.hr\/wp-content\/uploads\/2022\/12\/9-4-150x150.webp 150w, https:\/\/homeinterijeri.hr\/wp-content\/uploads\/2022\/12\/9-4-768x768.webp 768w\" sizes=\"(max-width: 800px) 100vw, 800px\" \/><\/div><\/a>\n\t\t\t\t<div class=\"elementor-post__text\">\n\t\t\t\t<h3 class=\"elementor-post__title\">\n\t\t\t<a href=\"https:\/\/homeinterijeri.hr\/de\/weis\/\" >\n\t\t\t\tWei\u00df\t\t\t<\/a>\n\t\t<\/h3>\n\t\t\n\t\t<a class=\"elementor-post__read-more\" href=\"https:\/\/homeinterijeri.hr\/de\/weis\/\" aria-label=\"Mehr \u00fcber White\" tabindex=\"-1\" >\n\t\t\tFinde mehr heraus &quot;\t\t<\/a>\n\n\t\t\t\t<\/div>\n\t\t\t\t\t<\/div>\n\t\t<\/article>\n\t\t\t\t<article class=\"elementor-post elementor-grid-item post-12629 post type-post status-publish format-standard has-post-thumbnail hentry category-interijer category-kuhinje tag-crveno tag-drvo tag-po-mjeri\">\n\t\t\t<div class=\"elementor-post__card\">\n\t\t\t\t<a class=\"elementor-post__thumbnail__link\" href=\"https:\/\/homeinterijeri.hr\/de\/scharlach\/\" tabindex=\"-1\" ><div class=\"elementor-post__thumbnail\"><img loading=\"lazy\" decoding=\"async\" width=\"800\" height=\"800\" src=\"https:\/\/homeinterijeri.hr\/wp-content\/uploads\/2022\/12\/7-4.webp\" class=\"attachment-full size-full wp-image-12338\" alt=\"Inneneinrichtung, ma\u00dfgeschneiderte M\u00f6bel, M\u00f6bel, K\u00fcche, Bar, Innenarchitektur\" srcset=\"https:\/\/homeinterijeri.hr\/wp-content\/uploads\/2022\/12\/7-4.webp 800w, https:\/\/homeinterijeri.hr\/wp-content\/uploads\/2022\/12\/7-4-100x100.webp 100w, https:\/\/homeinterijeri.hr\/wp-content\/uploads\/2022\/12\/7-4-300x300.webp 300w, https:\/\/homeinterijeri.hr\/wp-content\/uploads\/2022\/12\/7-4-150x150.webp 150w, https:\/\/homeinterijeri.hr\/wp-content\/uploads\/2022\/12\/7-4-768x768.webp 768w\" sizes=\"(max-width: 800px) 100vw, 800px\" \/><\/div><\/a>\n\t\t\t\t<div class=\"elementor-post__text\">\n\t\t\t\t<h3 class=\"elementor-post__title\">\n\t\t\t<a href=\"https:\/\/homeinterijeri.hr\/de\/scharlach\/\" >\n\t\t\t\tScarlett\t\t\t<\/a>\n\t\t<\/h3>\n\t\t\n\t\t<a class=\"elementor-post__read-more\" href=\"https:\/\/homeinterijeri.hr\/de\/scharlach\/\" aria-label=\"Mehr \u00fcber Scarlet\" tabindex=\"-1\" >\n\t\t\tFinde mehr heraus &quot;\t\t<\/a>\n\n\t\t\t\t<\/div>\n\t\t\t\t\t<\/div>\n\t\t<\/article>\n\t\t\t\t<\/div>\n\t\t\n\t\t\t\t\t\t<\/div>\n\t\t\t\t<\/div>\n\t\t\t\t\t<\/div>\n\t\t<\/div>\n\t\t\t\t\t<\/div>\n\t\t<\/section>\n\t\t\t\t<\/div>","protected":false},"excerpt":{"rendered":"<p>HOME INTERIORS Projekte Sehen Sie, welche Art von Projekten wir durchgef\u00fchrt haben<\/p>","protected":false},"author":2,"featured_media":12821,"parent":0,"menu_order":0,"comment_status":"closed","ping_status":"closed","template":"","meta":{"site-sidebar-layout":"no-sidebar","site-content-layout":"page-builder","ast-site-content-layout":"","site-content-style":"default","site-sidebar-style":"default","ast-global-header-display":"","ast-banner-title-visibility":"","ast-main-header-display":"","ast-hfb-above-header-display":"","ast-hfb-below-header-display":"","ast-hfb-mobile-header-display":"","site-post-title":"disabled","ast-breadcrumbs-content":"","ast-featured-img":"disabled","footer-sml-layout":"","theme-transparent-header-meta":"enabled","adv-header-id-meta":"","stick-header-meta":"","header-above-stick-meta":"","header-main-stick-meta":"","header-below-stick-meta":"","astra-migrate-meta-layouts":"default","ast-page-background-enabled":"default","ast-page-background-meta":{"desktop":{"background-color":"","background-image":"","background-repeat":"repeat","background-position":"center center","background-size":"auto","background-attachment":"scroll","background-type":"","background-media":"","overlay-type":"","overlay-color":"","overlay-opacity":"","overlay-gradient":""},"tablet":{"background-color":"","background-image":"","background-repeat":"repeat","background-position":"center center","background-size":"auto","background-attachment":"scroll","background-type":"","background-media":"","overlay-type":"","overlay-color":"","overlay-opacity":"","overlay-gradient":""},"mobile":{"background-color":"","background-image":"","background-repeat":"repeat","background-position":"center center","background-size":"auto","background-attachment":"scroll","background-type":"","background-media":"","overlay-type":"","overlay-color":"","overlay-opacity":"","overlay-gradient":""}},"ast-content-background-meta":{"desktop":{"background-color":"var(--ast-global-color-5)","background-image":"","background-repeat":"repeat","background-position":"center center","background-size":"auto","background-attachment":"scroll","background-type":"","background-media":"","overlay-type":"","overlay-color":"","overlay-opacity":"","overlay-gradient":""},"tablet":{"background-color":"var(--ast-global-color-5)","background-image":"","background-repeat":"repeat","background-position":"center center","background-size":"auto","background-attachment":"scroll","background-type":"","background-media":"","overlay-type":"","overlay-color":"","overlay-opacity":"","overlay-gradient":""},"mobile":{"background-color":"var(--ast-global-color-5)","background-image":"","background-repeat":"repeat","background-position":"center center","background-size":"auto","background-attachment":"scroll","background-type":"","background-media":"","overlay-type":"","overlay-color":"","overlay-opacity":"","overlay-gradient":""}},"footnotes":""},"class_list":["post-16","page","type-page","status-publish","has-post-thumbnail","hentry"],"yoast_head":"<!-- This site is optimized with the Yoast SEO plugin v25.3 - https:\/\/yoast.com\/wordpress\/plugins\/seo\/ -->\n<title>Projekti | Home Interijeri<\/title>\n<meta name=\"description\" content=\"Ovdje mo\u017eete vidjeti na\u0161e interijer projekti. Izgradili smo reputaciju kroz na\u0161u predanost kvalitetnoj izradi i pa\u017enju posve\u0107enu detaljima.\" \/>\n<meta name=\"robots\" content=\"index, follow, max-snippet:-1, max-image-preview:large, max-video-preview:-1\" \/>\n<link rel=\"canonical\" href=\"https:\/\/homeinterijeri.hr\/de\/projekte\/\" \/>\n<meta property=\"og:locale\" content=\"de_DE\" \/>\n<meta property=\"og:type\" content=\"article\" \/>\n<meta property=\"og:title\" content=\"Projekti | Home Interijeri\" \/>\n<meta property=\"og:description\" content=\"Ovdje mo\u017eete vidjeti na\u0161e interijer projekti. Izgradili smo reputaciju kroz na\u0161u predanost kvalitetnoj izradi i pa\u017enju posve\u0107enu detaljima.\" \/>\n<meta property=\"og:url\" content=\"https:\/\/homeinterijeri.hr\/de\/projekte\/\" \/>\n<meta property=\"og:site_name\" content=\"Home Interijeri\" \/>\n<meta property=\"article:publisher\" content=\"https:\/\/www.facebook.com\/homeinterijerisibenik\" \/>\n<meta property=\"article:modified_time\" content=\"2023-08-22T22:54:40+00:00\" \/>\n<meta property=\"og:image\" content=\"http:\/\/homeinterijeri.hr\/wp-content\/uploads\/2022\/12\/Stolovi-po-mjeri-1.webp\" \/>\n\t<meta property=\"og:image:width\" content=\"800\" \/>\n\t<meta property=\"og:image:height\" content=\"600\" \/>\n\t<meta property=\"og:image:type\" content=\"image\/webp\" \/>\n<meta name=\"twitter:card\" content=\"summary_large_image\" \/>\n<meta name=\"twitter:label1\" content=\"Gesch\u00e4tzte Lesezeit\" \/>\n\t<meta name=\"twitter:data1\" content=\"2\u00a0Minuten\" \/>\n<script type=\"application\/ld+json\" class=\"yoast-schema-graph\">{\"@context\":\"https:\/\/schema.org\",\"@graph\":[{\"@type\":[\"WebPage\",\"ItemPage\"],\"@id\":\"https:\/\/homeinterijeri.hr\/projekti\/\",\"url\":\"https:\/\/homeinterijeri.hr\/projekti\/\",\"name\":\"Projekti | Home Interijeri\",\"isPartOf\":{\"@id\":\"https:\/\/homeinterijeri.hr\/#website\"},\"primaryImageOfPage\":{\"@id\":\"https:\/\/homeinterijeri.hr\/projekti\/#primaryimage\"},\"image\":{\"@id\":\"https:\/\/homeinterijeri.hr\/projekti\/#primaryimage\"},\"thumbnailUrl\":\"https:\/\/homeinterijeri.hr\/wp-content\/uploads\/2022\/12\/Stolovi-po-mjeri-1.webp\",\"datePublished\":\"2018-10-04T05:26:35+00:00\",\"dateModified\":\"2023-08-22T22:54:40+00:00\",\"description\":\"Ovdje mo\u017eete vidjeti na\u0161e interijer projekti. Izgradili smo reputaciju kroz na\u0161u predanost kvalitetnoj izradi i pa\u017enju posve\u0107enu detaljima.\",\"breadcrumb\":{\"@id\":\"https:\/\/homeinterijeri.hr\/projekti\/#breadcrumb\"},\"inLanguage\":\"de\",\"potentialAction\":[{\"@type\":\"ReadAction\",\"target\":[\"https:\/\/homeinterijeri.hr\/projekti\/\"]}]},{\"@type\":\"ImageObject\",\"inLanguage\":\"de\",\"@id\":\"https:\/\/homeinterijeri.hr\/projekti\/#primaryimage\",\"url\":\"https:\/\/homeinterijeri.hr\/wp-content\/uploads\/2022\/12\/Stolovi-po-mjeri-1.webp\",\"contentUrl\":\"https:\/\/homeinterijeri.hr\/wp-content\/uploads\/2022\/12\/Stolovi-po-mjeri-1.webp\",\"width\":800,\"height\":600,\"caption\":\"Home Interijeri, Namje\u0161taj po mjeri, Namje\u0161taj, Ormar, \u0160ank, Dizajn Interijera\"},{\"@type\":\"BreadcrumbList\",\"@id\":\"https:\/\/homeinterijeri.hr\/projekti\/#breadcrumb\",\"itemListElement\":[{\"@type\":\"ListItem\",\"position\":1,\"name\":\"Po\u010detna stranica\",\"item\":\"https:\/\/homeinterijeri.hr\/\"},{\"@type\":\"ListItem\",\"position\":2,\"name\":\"Projekti\"}]},{\"@type\":\"WebSite\",\"@id\":\"https:\/\/homeinterijeri.hr\/#website\",\"url\":\"https:\/\/homeinterijeri.hr\/\",\"name\":\"Home Interijeri\",\"description\":\"Izrada namje\u0161taja po mjeri\",\"publisher\":{\"@id\":\"https:\/\/homeinterijeri.hr\/#organization\"},\"alternateName\":\"Interijeri Home\",\"potentialAction\":[{\"@type\":\"SearchAction\",\"target\":{\"@type\":\"EntryPoint\",\"urlTemplate\":\"https:\/\/homeinterijeri.hr\/?s={search_term_string}\"},\"query-input\":{\"@type\":\"PropertyValueSpecification\",\"valueRequired\":true,\"valueName\":\"search_term_string\"}}],\"inLanguage\":\"de\"},{\"@type\":\"Organization\",\"@id\":\"https:\/\/homeinterijeri.hr\/#organization\",\"name\":\"Home Interijeri | Izrada Namje\u0161taja Po Mjeri\",\"alternateName\":\"Home Interijeri | Izrada Namje\u0161taja Po Mjeri\",\"url\":\"https:\/\/homeinterijeri.hr\/\",\"logo\":{\"@type\":\"ImageObject\",\"inLanguage\":\"de\",\"@id\":\"https:\/\/homeinterijeri.hr\/#\/schema\/logo\/image\/\",\"url\":\"https:\/\/homeinterijeri.hr\/wp-content\/uploads\/2022\/12\/Bijeli-Logo.png\",\"contentUrl\":\"https:\/\/homeinterijeri.hr\/wp-content\/uploads\/2022\/12\/Bijeli-Logo.png\",\"width\":1000,\"height\":1000,\"caption\":\"Home Interijeri | Izrada Namje\u0161taja Po Mjeri\"},\"image\":{\"@id\":\"https:\/\/homeinterijeri.hr\/#\/schema\/logo\/image\/\"},\"sameAs\":[\"https:\/\/www.facebook.com\/homeinterijerisibenik\",\"https:\/\/instagram.com\/home_interijeri\"]}]}<\/script>\n<!-- \/ Yoast SEO plugin. -->","yoast_head_json":{"title":"Projekti | Home Interijeri","description":"Ovdje mo\u017eete vidjeti na\u0161e interijer projekti. Izgradili smo reputaciju kroz na\u0161u predanost kvalitetnoj izradi i pa\u017enju posve\u0107enu detaljima.","robots":{"index":"index","follow":"follow","max-snippet":"max-snippet:-1","max-image-preview":"max-image-preview:large","max-video-preview":"max-video-preview:-1"},"canonical":"https:\/\/homeinterijeri.hr\/de\/projekte\/","og_locale":"de_DE","og_type":"article","og_title":"Projekti | Home Interijeri","og_description":"Ovdje mo\u017eete vidjeti na\u0161e interijer projekti. Izgradili smo reputaciju kroz na\u0161u predanost kvalitetnoj izradi i pa\u017enju posve\u0107enu detaljima.","og_url":"https:\/\/homeinterijeri.hr\/de\/projekte\/","og_site_name":"Home Interijeri","article_publisher":"https:\/\/www.facebook.com\/homeinterijerisibenik","article_modified_time":"2023-08-22T22:54:40+00:00","og_image":[{"width":800,"height":600,"url":"http:\/\/homeinterijeri.hr\/wp-content\/uploads\/2022\/12\/Stolovi-po-mjeri-1.webp","type":"image\/webp"}],"twitter_card":"summary_large_image","twitter_misc":{"Gesch\u00e4tzte Lesezeit":"2\u00a0Minuten"},"schema":{"@context":"https:\/\/schema.org","@graph":[{"@type":["WebPage","ItemPage"],"@id":"https:\/\/homeinterijeri.hr\/projekti\/","url":"https:\/\/homeinterijeri.hr\/projekti\/","name":"Projekti | Home Interijeri","isPartOf":{"@id":"https:\/\/homeinterijeri.hr\/#website"},"primaryImageOfPage":{"@id":"https:\/\/homeinterijeri.hr\/projekti\/#primaryimage"},"image":{"@id":"https:\/\/homeinterijeri.hr\/projekti\/#primaryimage"},"thumbnailUrl":"https:\/\/homeinterijeri.hr\/wp-content\/uploads\/2022\/12\/Stolovi-po-mjeri-1.webp","datePublished":"2018-10-04T05:26:35+00:00","dateModified":"2023-08-22T22:54:40+00:00","description":"Ovdje mo\u017eete vidjeti na\u0161e interijer projekti. Izgradili smo reputaciju kroz na\u0161u predanost kvalitetnoj izradi i pa\u017enju posve\u0107enu detaljima.","breadcrumb":{"@id":"https:\/\/homeinterijeri.hr\/projekti\/#breadcrumb"},"inLanguage":"de","potentialAction":[{"@type":"ReadAction","target":["https:\/\/homeinterijeri.hr\/projekti\/"]}]},{"@type":"ImageObject","inLanguage":"de","@id":"https:\/\/homeinterijeri.hr\/projekti\/#primaryimage","url":"https:\/\/homeinterijeri.hr\/wp-content\/uploads\/2022\/12\/Stolovi-po-mjeri-1.webp","contentUrl":"https:\/\/homeinterijeri.hr\/wp-content\/uploads\/2022\/12\/Stolovi-po-mjeri-1.webp","width":800,"height":600,"caption":"Home Interijeri, Namje\u0161taj po mjeri, Namje\u0161taj, Ormar, \u0160ank, Dizajn Interijera"},{"@type":"BreadcrumbList","@id":"https:\/\/homeinterijeri.hr\/projekti\/#breadcrumb","itemListElement":[{"@type":"ListItem","position":1,"name":"Po\u010detna stranica","item":"https:\/\/homeinterijeri.hr\/"},{"@type":"ListItem","position":2,"name":"Projekti"}]},{"@type":"WebSite","@id":"https:\/\/homeinterijeri.hr\/#website","url":"https:\/\/homeinterijeri.hr\/","name":"Home Interijeri","description":"Izrada namje\u0161taja po mjeri","publisher":{"@id":"https:\/\/homeinterijeri.hr\/#organization"},"alternateName":"Interijeri Home","potentialAction":[{"@type":"SearchAction","target":{"@type":"EntryPoint","urlTemplate":"https:\/\/homeinterijeri.hr\/?s={search_term_string}"},"query-input":{"@type":"PropertyValueSpecification","valueRequired":true,"valueName":"search_term_string"}}],"inLanguage":"de"},{"@type":"Organization","@id":"https:\/\/homeinterijeri.hr\/#organization","name":"Home Interijeri | Izrada Namje\u0161taja Po Mjeri","alternateName":"Home Interijeri | Izrada Namje\u0161taja Po Mjeri","url":"https:\/\/homeinterijeri.hr\/","logo":{"@type":"ImageObject","inLanguage":"de","@id":"https:\/\/homeinterijeri.hr\/#\/schema\/logo\/image\/","url":"https:\/\/homeinterijeri.hr\/wp-content\/uploads\/2022\/12\/Bijeli-Logo.png","contentUrl":"https:\/\/homeinterijeri.hr\/wp-content\/uploads\/2022\/12\/Bijeli-Logo.png","width":1000,"height":1000,"caption":"Home Interijeri | Izrada Namje\u0161taja Po Mjeri"},"image":{"@id":"https:\/\/homeinterijeri.hr\/#\/schema\/logo\/image\/"},"sameAs":["https:\/\/www.facebook.com\/homeinterijerisibenik","https:\/\/instagram.com\/home_interijeri"]}]}},"_links":{"self":[{"href":"https:\/\/homeinterijeri.hr\/de\/wp-json\/wp\/v2\/pages\/16","targetHints":{"allow":["GET"]}}],"collection":[{"href":"https:\/\/homeinterijeri.hr\/de\/wp-json\/wp\/v2\/pages"}],"about":[{"href":"https:\/\/homeinterijeri.hr\/de\/wp-json\/wp\/v2\/types\/page"}],"author":[{"embeddable":true,"href":"https:\/\/homeinterijeri.hr\/de\/wp-json\/wp\/v2\/users\/2"}],"replies":[{"embeddable":true,"href":"https:\/\/homeinterijeri.hr\/de\/wp-json\/wp\/v2\/comments?post=16"}],"version-history":[{"count":3,"href":"https:\/\/homeinterijeri.hr\/de\/wp-json\/wp\/v2\/pages\/16\/revisions"}],"predecessor-version":[{"id":14178,"href":"https:\/\/homeinterijeri.hr\/de\/wp-json\/wp\/v2\/pages\/16\/revisions\/14178"}],"wp:featuredmedia":[{"embeddable":true,"href":"https:\/\/homeinterijeri.hr\/de\/wp-json\/wp\/v2\/media\/12821"}],"wp:attachment":[{"href":"https:\/\/homeinterijeri.hr\/de\/wp-json\/wp\/v2\/media?parent=16"}],"curies":[{"name":"wp","href":"https:\/\/api.w.org\/{rel}","templated":true}]}}